{"id":800,"date":"2025-07-01T12:03:10","date_gmt":"2025-07-01T10:03:10","guid":{"rendered":"https:\/\/aporlasflores.omathi.eu\/?post_type=product&#038;p=800"},"modified":"2025-07-01T12:06:12","modified_gmt":"2025-07-01T10:06:12","slug":"carte-prenom-personnalisee-naissance-decoration-de-porte-ou-de-chambre-de-bebe-ou-enfant","status":"publish","type":"product","link":"https:\/\/aporlasflores.omathi.eu\/index.php\/produit\/carte-prenom-personnalisee-naissance-decoration-de-porte-ou-de-chambre-de-bebe-ou-enfant\/","title":{"rendered":"Carte Pr\u00e9nom Personnalis\u00e9e &#8211; Naissance &#8211; D\u00e9coration de Porte ou de chambre de bebe ou enfant"},"content":{"rendered":"<p>D\u00e9couvrez notre carte pr\u00e9nom sur mesure, id\u00e9ale pour c\u00e9l\u00e9brer l&rsquo;arriv\u00e9e d&rsquo;un nouveau-n\u00e9 ou pour embellir l&rsquo;entr\u00e9e d&rsquo;une chambre d&rsquo;enfant.<br \/>\nId\u00e9al \u00e0 offrir en cadeau de naissance ou pour une baby shower.<\/p>\n<p>Dimensions : 14 cm de diam\u00e8tre, une taille parfaite pour une d\u00e9coration \u00e9l\u00e9gante.<\/p>\n<p>Mat\u00e9riel : Confectionn\u00e9e en papier cartonn\u00e9 de premi\u00e8re qualit\u00e9 et bois contre plaqu\u00e9, offrant une finition \u00e0 la fois robuste et raffin\u00e9e.<\/p>\n<p>Sur Mesure : Personnalisez avec le pr\u00e9nom de l&rsquo;enfant, et le papier souhait\u00e9.<\/p>\n<p>Th\u00e8mes et Teintes : Une vari\u00e9t\u00e9 de th\u00e8mes enchanteurs (animaux, \u00e9toiles, motifs floraux, etc.) et une palette de couleurs adaptable \u00e0 vos pr\u00e9f\u00e9rences. N&rsquo;h\u00e9sitez pas \u00e0 m&rsquo;envoyer un message pour une demande particuli\u00e8re.<\/p>\n<p>Utilisation :<br \/>\nParfait pour orner la chambre d&rsquo;un b\u00e9b\u00e9, offrir en cadeau de naissance, ou conserver comme souvenir pr\u00e9cieux.<\/p>\n","protected":false},"excerpt":{"rendered":"<p>D\u00e9couvrez notre carte pr\u00e9nom sur mesure, id\u00e9ale pour c\u00e9l\u00e9brer l&rsquo;arriv\u00e9e d&rsquo;un nouveau-n\u00e9 ou pour embellir l&rsquo;entr\u00e9e d&rsquo;une chambre d&rsquo;enfant.<br \/>\nId\u00e9al \u00e0 offrir en cadeau de naissance ou pour une baby shower.<\/p>\n<p>Dimensions : 14 cm de diam\u00e8tre, une taille parfaite pour une d\u00e9coration \u00e9l\u00e9gante.<\/p>\n<p>Mat\u00e9riel : Confectionn\u00e9e en papier cartonn\u00e9 de premi\u00e8re qualit\u00e9 et bois contre plaqu\u00e9, offrant une finition \u00e0 la fois robuste et raffin\u00e9e.<\/p>\n<p>Sur Mesure : Personnalisez avec le pr\u00e9nom de l&rsquo;enfant, et le papier souhait\u00e9.<\/p>\n<p>Th\u00e8mes et Teintes : Une vari\u00e9t\u00e9 de th\u00e8mes enchanteurs (animaux, \u00e9toiles, motifs floraux, etc.) et une palette de couleurs adaptable \u00e0 vos pr\u00e9f\u00e9rences. N&rsquo;h\u00e9sitez pas \u00e0 m&rsquo;envoyer un message pour une demande particuli\u00e8re.<\/p>\n<p>Utilisation :<br \/>\nParfait pour orner la chambre d&rsquo;un b\u00e9b\u00e9, offrir en cadeau de naissance, ou conserver comme souvenir pr\u00e9cieux.<\/p>\n","protected":false},"featured_media":805,"template":"","meta":{"_eb_attr":"","om_disable_all_campaigns":false,"_uag_custom_page_level_css":"","_monsterinsights_skip_tracking":false},"product_brand":[],"product_cat":[52],"product_tag":[],"class_list":["post-800","product","type-product","status-publish","has-post-thumbnail","product_cat-suspension","wcpa_has_options","first","instock","shipping-taxable","purchasable","product-type-simple"],"aioseo_notices":[],"aioseo_head":"\n\t\t<!-- All in One SEO 5.0.0.1 - aioseo.com -->\n\t<meta name=\"description\" content=\"D\u00e9couvrez notre carte pr\u00e9nom sur mesure, id\u00e9ale pour c\u00e9l\u00e9brer l&#039;arriv\u00e9e d&#039;un nouveau-n\u00e9 ou pour embellir l&#039;entr\u00e9e d&#039;une chambre d&#039;enfant. Id\u00e9al \u00e0 offrir en cadeau de naissance ou pour une baby shower. Dimensions : 14 cm de diam\u00e8tre, une taille parfaite pour une d\u00e9coration \u00e9l\u00e9gante. Mat\u00e9riel : Confectionn\u00e9e en papier cartonn\u00e9 de premi\u00e8re qualit\u00e9 et bois contre plaqu\u00e9, offrant une finition \u00e0 la fois robuste et raffin\u00e9e. Sur Mesure : Personnalisez avec le pr\u00e9nom de l&#039;enfant, et le papier souhait\u00e9. Th\u00e8mes et Teintes : Une vari\u00e9t\u00e9 de th\u00e8mes enchanteurs (animaux, \u00e9toiles, motifs floraux, etc.) et une palette de couleurs adaptable \u00e0 vos pr\u00e9f\u00e9rences. N&#039;h\u00e9sitez pas \u00e0 m&#039;envoyer un message pour une demande particuli\u00e8re. Utilisation : Parfait pour orner la chambre d&#039;un b\u00e9b\u00e9, offrir en cadeau de naissance, ou conserver comme souvenir pr\u00e9cieux.\" \/>\n\t<meta name=\"robots\" content=\"max-image-preview:large\" \/>\n\t<link rel=\"canonical\" href=\"https:\/\/aporlasflores.omathi.eu\/index.php\/produit\/carte-prenom-personnalisee-naissance-decoration-de-porte-ou-de-chambre-de-bebe-ou-enfant\/\" \/>\n\t<meta name=\"generator\" content=\"All in One SEO (AIOSEO) 5.0.0.1\" \/>\n\t\t<meta property=\"og:locale\" content=\"fr_FR\" \/>\n\t\t<meta property=\"og:site_name\" content=\"-\" \/>\n\t\t<meta property=\"og:type\" content=\"article\" \/>\n\t\t<meta property=\"og:title\" content=\"Carte Pr\u00e9nom Personnalis\u00e9e \u2013 Naissance \u2013 D\u00e9coration de Porte ou de chambre de bebe ou enfant -\" \/>\n\t\t<meta property=\"og:description\" content=\"D\u00e9couvrez notre carte pr\u00e9nom sur mesure, id\u00e9ale pour c\u00e9l\u00e9brer l&#039;arriv\u00e9e d&#039;un nouveau-n\u00e9 ou pour embellir l&#039;entr\u00e9e d&#039;une chambre d&#039;enfant. Id\u00e9al \u00e0 offrir en cadeau de naissance ou pour une baby shower. Dimensions : 14 cm de diam\u00e8tre, une taille parfaite pour une d\u00e9coration \u00e9l\u00e9gante. Mat\u00e9riel : Confectionn\u00e9e en papier cartonn\u00e9 de premi\u00e8re qualit\u00e9 et bois contre plaqu\u00e9, offrant une finition \u00e0 la fois robuste et raffin\u00e9e. Sur Mesure : Personnalisez avec le pr\u00e9nom de l&#039;enfant, et le papier souhait\u00e9. Th\u00e8mes et Teintes : Une vari\u00e9t\u00e9 de th\u00e8mes enchanteurs (animaux, \u00e9toiles, motifs floraux, etc.) et une palette de couleurs adaptable \u00e0 vos pr\u00e9f\u00e9rences. N&#039;h\u00e9sitez pas \u00e0 m&#039;envoyer un message pour une demande particuli\u00e8re. Utilisation : Parfait pour orner la chambre d&#039;un b\u00e9b\u00e9, offrir en cadeau de naissance, ou conserver comme souvenir pr\u00e9cieux.\" \/>\n\t\t<meta property=\"og:url\" content=\"https:\/\/aporlasflores.omathi.eu\/index.php\/produit\/carte-prenom-personnalisee-naissance-decoration-de-porte-ou-de-chambre-de-bebe-ou-enfant\/\" \/>\n\t\t<meta property=\"article:published_time\" content=\"2025-07-01T10:03:10+00:00\" \/>\n\t\t<meta property=\"article:modified_time\" content=\"2025-07-01T10:06:12+00:00\" \/>\n\t\t<meta name=\"twitter:card\" content=\"summary_large_image\" \/>\n\t\t<meta name=\"twitter:title\" content=\"Carte Pr\u00e9nom Personnalis\u00e9e \u2013 Naissance \u2013 D\u00e9coration de Porte ou de chambre de bebe ou enfant -\" \/>\n\t\t<meta name=\"twitter:description\" content=\"D\u00e9couvrez notre carte pr\u00e9nom sur mesure, id\u00e9ale pour c\u00e9l\u00e9brer l&#039;arriv\u00e9e d&#039;un nouveau-n\u00e9 ou pour embellir l&#039;entr\u00e9e d&#039;une chambre d&#039;enfant. Id\u00e9al \u00e0 offrir en cadeau de naissance ou pour une baby shower. Dimensions : 14 cm de diam\u00e8tre, une taille parfaite pour une d\u00e9coration \u00e9l\u00e9gante. Mat\u00e9riel : Confectionn\u00e9e en papier cartonn\u00e9 de premi\u00e8re qualit\u00e9 et bois contre plaqu\u00e9, offrant une finition \u00e0 la fois robuste et raffin\u00e9e. Sur Mesure : Personnalisez avec le pr\u00e9nom de l&#039;enfant, et le papier souhait\u00e9. Th\u00e8mes et Teintes : Une vari\u00e9t\u00e9 de th\u00e8mes enchanteurs (animaux, \u00e9toiles, motifs floraux, etc.) et une palette de couleurs adaptable \u00e0 vos pr\u00e9f\u00e9rences. N&#039;h\u00e9sitez pas \u00e0 m&#039;envoyer un message pour une demande particuli\u00e8re. Utilisation : Parfait pour orner la chambre d&#039;un b\u00e9b\u00e9, offrir en cadeau de naissance, ou conserver comme souvenir pr\u00e9cieux.\" \/>\n\t\t<script type=\"application\/ld+json\" class=\"aioseo-schema\">\n\t\t\t{\"@context\":\"https:\\\/\\\/schema.org\",\"@graph\":[{\"@type\":\"BreadcrumbList\",\"@id\":\"https:\\\/\\\/aporlasflores.omathi.eu\\\/index.php\\\/produit\\\/carte-prenom-personnalisee-naissance-decoration-de-porte-ou-de-chambre-de-bebe-ou-enfant\\\/#breadcrumblist\",\"itemListElement\":[{\"@type\":\"ListItem\",\"@id\":\"https:\\\/\\\/aporlasflores.omathi.eu#listItem\",\"position\":1,\"name\":\"Home\",\"item\":\"https:\\\/\\\/aporlasflores.omathi.eu\",\"nextItem\":{\"@type\":\"ListItem\",\"@id\":\"https:\\\/\\\/aporlasflores.omathi.eu\\\/index.php\\\/categorie-produit\\\/suspension\\\/#listItem\",\"name\":\"Suspension\"}},{\"@type\":\"ListItem\",\"@id\":\"https:\\\/\\\/aporlasflores.omathi.eu\\\/index.php\\\/categorie-produit\\\/suspension\\\/#listItem\",\"position\":2,\"name\":\"Suspension\",\"item\":\"https:\\\/\\\/aporlasflores.omathi.eu\\\/index.php\\\/categorie-produit\\\/suspension\\\/\",\"nextItem\":{\"@type\":\"ListItem\",\"@id\":\"https:\\\/\\\/aporlasflores.omathi.eu\\\/index.php\\\/produit\\\/carte-prenom-personnalisee-naissance-decoration-de-porte-ou-de-chambre-de-bebe-ou-enfant\\\/#listItem\",\"name\":\"Carte Pr\\u00e9nom Personnalis\\u00e9e &#8211; Naissance &#8211; D\\u00e9coration de Porte ou de chambre de bebe ou enfant\"},\"previousItem\":{\"@type\":\"ListItem\",\"@id\":\"https:\\\/\\\/aporlasflores.omathi.eu#listItem\",\"name\":\"Home\"}},{\"@type\":\"ListItem\",\"@id\":\"https:\\\/\\\/aporlasflores.omathi.eu\\\/index.php\\\/produit\\\/carte-prenom-personnalisee-naissance-decoration-de-porte-ou-de-chambre-de-bebe-ou-enfant\\\/#listItem\",\"position\":3,\"name\":\"Carte Pr\\u00e9nom Personnalis\\u00e9e &#8211; Naissance &#8211; D\\u00e9coration de Porte ou de chambre de bebe ou enfant\",\"previousItem\":{\"@type\":\"ListItem\",\"@id\":\"https:\\\/\\\/aporlasflores.omathi.eu\\\/index.php\\\/categorie-produit\\\/suspension\\\/#listItem\",\"name\":\"Suspension\"}}]},{\"@type\":\"ItemPage\",\"@id\":\"https:\\\/\\\/aporlasflores.omathi.eu\\\/index.php\\\/produit\\\/carte-prenom-personnalisee-naissance-decoration-de-porte-ou-de-chambre-de-bebe-ou-enfant\\\/#itempage\",\"url\":\"https:\\\/\\\/aporlasflores.omathi.eu\\\/index.php\\\/produit\\\/carte-prenom-personnalisee-naissance-decoration-de-porte-ou-de-chambre-de-bebe-ou-enfant\\\/\",\"name\":\"Carte Pr\\u00e9nom Personnalis\\u00e9e \\u2013 Naissance \\u2013 D\\u00e9coration de Porte ou de chambre de bebe ou enfant -\",\"description\":\"D\\u00e9couvrez notre carte pr\\u00e9nom sur mesure, id\\u00e9ale pour c\\u00e9l\\u00e9brer l'arriv\\u00e9e d'un nouveau-n\\u00e9 ou pour embellir l'entr\\u00e9e d'une chambre d'enfant. Id\\u00e9al \\u00e0 offrir en cadeau de naissance ou pour une baby shower. Dimensions : 14 cm de diam\\u00e8tre, une taille parfaite pour une d\\u00e9coration \\u00e9l\\u00e9gante. Mat\\u00e9riel : Confectionn\\u00e9e en papier cartonn\\u00e9 de premi\\u00e8re qualit\\u00e9 et bois contre plaqu\\u00e9, offrant une finition \\u00e0 la fois robuste et raffin\\u00e9e. Sur Mesure : Personnalisez avec le pr\\u00e9nom de l'enfant, et le papier souhait\\u00e9. Th\\u00e8mes et Teintes : Une vari\\u00e9t\\u00e9 de th\\u00e8mes enchanteurs (animaux, \\u00e9toiles, motifs floraux, etc.) et une palette de couleurs adaptable \\u00e0 vos pr\\u00e9f\\u00e9rences. N'h\\u00e9sitez pas \\u00e0 m'envoyer un message pour une demande particuli\\u00e8re. Utilisation : Parfait pour orner la chambre d'un b\\u00e9b\\u00e9, offrir en cadeau de naissance, ou conserver comme souvenir pr\\u00e9cieux.\",\"inLanguage\":\"fr-FR\",\"isPartOf\":{\"@id\":\"https:\\\/\\\/aporlasflores.omathi.eu\\\/#website\"},\"breadcrumb\":{\"@id\":\"https:\\\/\\\/aporlasflores.omathi.eu\\\/index.php\\\/produit\\\/carte-prenom-personnalisee-naissance-decoration-de-porte-ou-de-chambre-de-bebe-ou-enfant\\\/#breadcrumblist\"},\"image\":{\"@type\":\"ImageObject\",\"url\":\"https:\\\/\\\/aporlasflores.omathi.eu\\\/wp-content\\\/uploads\\\/2025\\\/07\\\/Photoroom_20250416_165038-1.jpeg\",\"@id\":\"https:\\\/\\\/aporlasflores.omathi.eu\\\/index.php\\\/produit\\\/carte-prenom-personnalisee-naissance-decoration-de-porte-ou-de-chambre-de-bebe-ou-enfant\\\/#mainImage\",\"width\":2000,\"height\":2000},\"primaryImageOfPage\":{\"@id\":\"https:\\\/\\\/aporlasflores.omathi.eu\\\/index.php\\\/produit\\\/carte-prenom-personnalisee-naissance-decoration-de-porte-ou-de-chambre-de-bebe-ou-enfant\\\/#mainImage\"},\"datePublished\":\"2025-07-01T12:03:10+02:00\",\"dateModified\":\"2025-07-01T12:06:12+02:00\"},{\"@type\":\"Organization\",\"@id\":\"https:\\\/\\\/aporlasflores.omathi.eu\\\/#organization\",\"name\":\"A por las flores\",\"url\":\"https:\\\/\\\/aporlasflores.omathi.eu\\\/\"},{\"@type\":\"WebSite\",\"@id\":\"https:\\\/\\\/aporlasflores.omathi.eu\\\/#website\",\"url\":\"https:\\\/\\\/aporlasflores.omathi.eu\\\/\",\"name\":\"A por las flores\",\"inLanguage\":\"fr-FR\",\"publisher\":{\"@id\":\"https:\\\/\\\/aporlasflores.omathi.eu\\\/#organization\"}}]}\n\t\t<\/script>\n\t\t<!-- All in One SEO -->\n\n","aioseo_head_json":{"title":"Carte Pr\u00e9nom Personnalis\u00e9e \u2013 Naissance \u2013 D\u00e9coration de Porte ou de chambre de bebe ou enfant -","description":"D\u00e9couvrez notre carte pr\u00e9nom sur mesure, id\u00e9ale pour c\u00e9l\u00e9brer l'arriv\u00e9e d'un nouveau-n\u00e9 ou pour embellir l'entr\u00e9e d'une chambre d'enfant. Id\u00e9al \u00e0 offrir en cadeau de naissance ou pour une baby shower. Dimensions : 14 cm de diam\u00e8tre, une taille parfaite pour une d\u00e9coration \u00e9l\u00e9gante. Mat\u00e9riel : Confectionn\u00e9e en papier cartonn\u00e9 de premi\u00e8re qualit\u00e9 et bois contre plaqu\u00e9, offrant une finition \u00e0 la fois robuste et raffin\u00e9e. Sur Mesure : Personnalisez avec le pr\u00e9nom de l'enfant, et le papier souhait\u00e9. Th\u00e8mes et Teintes : Une vari\u00e9t\u00e9 de th\u00e8mes enchanteurs (animaux, \u00e9toiles, motifs floraux, etc.) et une palette de couleurs adaptable \u00e0 vos pr\u00e9f\u00e9rences. N'h\u00e9sitez pas \u00e0 m'envoyer un message pour une demande particuli\u00e8re. Utilisation : Parfait pour orner la chambre d'un b\u00e9b\u00e9, offrir en cadeau de naissance, ou conserver comme souvenir pr\u00e9cieux.","canonical_url":"https:\/\/aporlasflores.omathi.eu\/index.php\/produit\/carte-prenom-personnalisee-naissance-decoration-de-porte-ou-de-chambre-de-bebe-ou-enfant\/","robots":"max-image-preview:large","keywords":"","webmasterTools":{"miscellaneous":""},"schema":{"@context":"https:\/\/schema.org","@graph":[{"@type":"BreadcrumbList","@id":"https:\/\/aporlasflores.omathi.eu\/index.php\/produit\/carte-prenom-personnalisee-naissance-decoration-de-porte-ou-de-chambre-de-bebe-ou-enfant\/#breadcrumblist","itemListElement":[{"@type":"ListItem","@id":"https:\/\/aporlasflores.omathi.eu#listItem","position":1,"name":"Home","item":"https:\/\/aporlasflores.omathi.eu","nextItem":{"@type":"ListItem","@id":"https:\/\/aporlasflores.omathi.eu\/index.php\/categorie-produit\/suspension\/#listItem","name":"Suspension"}},{"@type":"ListItem","@id":"https:\/\/aporlasflores.omathi.eu\/index.php\/categorie-produit\/suspension\/#listItem","position":2,"name":"Suspension","item":"https:\/\/aporlasflores.omathi.eu\/index.php\/categorie-produit\/suspension\/","nextItem":{"@type":"ListItem","@id":"https:\/\/aporlasflores.omathi.eu\/index.php\/produit\/carte-prenom-personnalisee-naissance-decoration-de-porte-ou-de-chambre-de-bebe-ou-enfant\/#listItem","name":"Carte Pr\u00e9nom Personnalis\u00e9e &#8211; Naissance &#8211; D\u00e9coration de Porte ou de chambre de bebe ou enfant"},"previousItem":{"@type":"ListItem","@id":"https:\/\/aporlasflores.omathi.eu#listItem","name":"Home"}},{"@type":"ListItem","@id":"https:\/\/aporlasflores.omathi.eu\/index.php\/produit\/carte-prenom-personnalisee-naissance-decoration-de-porte-ou-de-chambre-de-bebe-ou-enfant\/#listItem","position":3,"name":"Carte Pr\u00e9nom Personnalis\u00e9e &#8211; Naissance &#8211; D\u00e9coration de Porte ou de chambre de bebe ou enfant","previousItem":{"@type":"ListItem","@id":"https:\/\/aporlasflores.omathi.eu\/index.php\/categorie-produit\/suspension\/#listItem","name":"Suspension"}}]},{"@type":"ItemPage","@id":"https:\/\/aporlasflores.omathi.eu\/index.php\/produit\/carte-prenom-personnalisee-naissance-decoration-de-porte-ou-de-chambre-de-bebe-ou-enfant\/#itempage","url":"https:\/\/aporlasflores.omathi.eu\/index.php\/produit\/carte-prenom-personnalisee-naissance-decoration-de-porte-ou-de-chambre-de-bebe-ou-enfant\/","name":"Carte Pr\u00e9nom Personnalis\u00e9e \u2013 Naissance \u2013 D\u00e9coration de Porte ou de chambre de bebe ou enfant -","description":"D\u00e9couvrez notre carte pr\u00e9nom sur mesure, id\u00e9ale pour c\u00e9l\u00e9brer l'arriv\u00e9e d'un nouveau-n\u00e9 ou pour embellir l'entr\u00e9e d'une chambre d'enfant. Id\u00e9al \u00e0 offrir en cadeau de naissance ou pour une baby shower. Dimensions : 14 cm de diam\u00e8tre, une taille parfaite pour une d\u00e9coration \u00e9l\u00e9gante. Mat\u00e9riel : Confectionn\u00e9e en papier cartonn\u00e9 de premi\u00e8re qualit\u00e9 et bois contre plaqu\u00e9, offrant une finition \u00e0 la fois robuste et raffin\u00e9e. Sur Mesure : Personnalisez avec le pr\u00e9nom de l'enfant, et le papier souhait\u00e9. Th\u00e8mes et Teintes : Une vari\u00e9t\u00e9 de th\u00e8mes enchanteurs (animaux, \u00e9toiles, motifs floraux, etc.) et une palette de couleurs adaptable \u00e0 vos pr\u00e9f\u00e9rences. N'h\u00e9sitez pas \u00e0 m'envoyer un message pour une demande particuli\u00e8re. Utilisation : Parfait pour orner la chambre d'un b\u00e9b\u00e9, offrir en cadeau de naissance, ou conserver comme souvenir pr\u00e9cieux.","inLanguage":"fr-FR","isPartOf":{"@id":"https:\/\/aporlasflores.omathi.eu\/#website"},"breadcrumb":{"@id":"https:\/\/aporlasflores.omathi.eu\/index.php\/produit\/carte-prenom-personnalisee-naissance-decoration-de-porte-ou-de-chambre-de-bebe-ou-enfant\/#breadcrumblist"},"image":{"@type":"ImageObject","url":"https:\/\/aporlasflores.omathi.eu\/wp-content\/uploads\/2025\/07\/Photoroom_20250416_165038-1.jpeg","@id":"https:\/\/aporlasflores.omathi.eu\/index.php\/produit\/carte-prenom-personnalisee-naissance-decoration-de-porte-ou-de-chambre-de-bebe-ou-enfant\/#mainImage","width":2000,"height":2000},"primaryImageOfPage":{"@id":"https:\/\/aporlasflores.omathi.eu\/index.php\/produit\/carte-prenom-personnalisee-naissance-decoration-de-porte-ou-de-chambre-de-bebe-ou-enfant\/#mainImage"},"datePublished":"2025-07-01T12:03:10+02:00","dateModified":"2025-07-01T12:06:12+02:00"},{"@type":"Organization","@id":"https:\/\/aporlasflores.omathi.eu\/#organization","name":"A por las flores","url":"https:\/\/aporlasflores.omathi.eu\/"},{"@type":"WebSite","@id":"https:\/\/aporlasflores.omathi.eu\/#website","url":"https:\/\/aporlasflores.omathi.eu\/","name":"A por las flores","inLanguage":"fr-FR","publisher":{"@id":"https:\/\/aporlasflores.omathi.eu\/#organization"}}]},"og:locale":"fr_FR","og:site_name":"-","og:type":"article","og:title":"Carte Pr\u00e9nom Personnalis\u00e9e \u2013 Naissance \u2013 D\u00e9coration de Porte ou de chambre de bebe ou enfant -","og:description":"D\u00e9couvrez notre carte pr\u00e9nom sur mesure, id\u00e9ale pour c\u00e9l\u00e9brer l'arriv\u00e9e d'un nouveau-n\u00e9 ou pour embellir l'entr\u00e9e d'une chambre d'enfant. Id\u00e9al \u00e0 offrir en cadeau de naissance ou pour une baby shower. Dimensions : 14 cm de diam\u00e8tre, une taille parfaite pour une d\u00e9coration \u00e9l\u00e9gante. Mat\u00e9riel : Confectionn\u00e9e en papier cartonn\u00e9 de premi\u00e8re qualit\u00e9 et bois contre plaqu\u00e9, offrant une finition \u00e0 la fois robuste et raffin\u00e9e. Sur Mesure : Personnalisez avec le pr\u00e9nom de l'enfant, et le papier souhait\u00e9. Th\u00e8mes et Teintes : Une vari\u00e9t\u00e9 de th\u00e8mes enchanteurs (animaux, \u00e9toiles, motifs floraux, etc.) et une palette de couleurs adaptable \u00e0 vos pr\u00e9f\u00e9rences. N'h\u00e9sitez pas \u00e0 m'envoyer un message pour une demande particuli\u00e8re. Utilisation : Parfait pour orner la chambre d'un b\u00e9b\u00e9, offrir en cadeau de naissance, ou conserver comme souvenir pr\u00e9cieux.","og:url":"https:\/\/aporlasflores.omathi.eu\/index.php\/produit\/carte-prenom-personnalisee-naissance-decoration-de-porte-ou-de-chambre-de-bebe-ou-enfant\/","article:published_time":"2025-07-01T10:03:10+00:00","article:modified_time":"2025-07-01T10:06:12+00:00","twitter:card":"summary_large_image","twitter:title":"Carte Pr\u00e9nom Personnalis\u00e9e \u2013 Naissance \u2013 D\u00e9coration de Porte ou de chambre de bebe ou enfant -","twitter:description":"D\u00e9couvrez notre carte pr\u00e9nom sur mesure, id\u00e9ale pour c\u00e9l\u00e9brer l'arriv\u00e9e d'un nouveau-n\u00e9 ou pour embellir l'entr\u00e9e d'une chambre d'enfant. Id\u00e9al \u00e0 offrir en cadeau de naissance ou pour une baby shower. Dimensions : 14 cm de diam\u00e8tre, une taille parfaite pour une d\u00e9coration \u00e9l\u00e9gante. Mat\u00e9riel : Confectionn\u00e9e en papier cartonn\u00e9 de premi\u00e8re qualit\u00e9 et bois contre plaqu\u00e9, offrant une finition \u00e0 la fois robuste et raffin\u00e9e. Sur Mesure : Personnalisez avec le pr\u00e9nom de l'enfant, et le papier souhait\u00e9. Th\u00e8mes et Teintes : Une vari\u00e9t\u00e9 de th\u00e8mes enchanteurs (animaux, \u00e9toiles, motifs floraux, etc.) et une palette de couleurs adaptable \u00e0 vos pr\u00e9f\u00e9rences. N'h\u00e9sitez pas \u00e0 m'envoyer un message pour une demande particuli\u00e8re. Utilisation : Parfait pour orner la chambre d'un b\u00e9b\u00e9, offrir en cadeau de naissance, ou conserver comme souvenir pr\u00e9cieux."},"aioseo_meta_data":{"post_id":"800","title":null,"description":null,"keywords":null,"keyphrases":{"focus":{"keyphrase":"","score":0,"analysis":{"keyphraseInTitle":{"score":0,"maxScore":9,"error":1}}},"additional":[]},"primary_term":null,"canonical_url":null,"og_title":null,"og_description":null,"og_object_type":"default","og_image_type":"default","og_image_url":null,"og_image_width":null,"og_image_height":null,"og_image_custom_url":null,"og_image_custom_fields":null,"og_video":"","og_custom_url":null,"og_article_section":null,"og_article_tags":null,"twitter_use_og":false,"twitter_card":"default","twitter_image_type":"default","twitter_image_url":null,"twitter_image_custom_url":null,"twitter_image_custom_fields":null,"twitter_title":null,"twitter_description":null,"schema":{"blockGraphs":[],"customGraphs":[],"default":{"data":{"Article":[],"Course":[],"Dataset":[],"FAQPage":[],"Movie":[],"Person":[],"Product":[],"ProductReview":[],"Car":[],"Recipe":[],"Service":[],"SoftwareApplication":[],"WebPage":[]},"graphName":"ItemPage","isEnabled":true},"graphs":[]},"schema_type":"default","schema_type_options":null,"pillar_content":false,"robots_default":true,"robots_noindex":false,"robots_noarchive":false,"robots_nosnippet":false,"robots_nofollow":false,"robots_noimageindex":false,"robots_noodp":false,"robots_notranslate":false,"robots_max_snippet":"-1","robots_max_videopreview":"-1","robots_max_imagepreview":"large","priority":null,"frequency":"default","local_seo":null,"breadcrumb_settings":null,"limit_modified_date":false,"ai":null,"created":"2025-07-01 10:03:10","updated":"2025-07-01 11:11:07","seo_analyzer_scan_date":null,"focus_keyword":null,"additional_keywords":null,"truseo_locale":null},"aioseo_breadcrumb":"<div class=\"aioseo-breadcrumbs\"><span class=\"aioseo-breadcrumb\">\n\t\t\t<a href=\"https:\/\/aporlasflores.omathi.eu\" title=\"Home\">Home<\/a>\n\t\t<\/span><span class=\"aioseo-breadcrumb-separator\">&raquo;<\/span><span class=\"aioseo-breadcrumb\">\n\t\t\t<a href=\"https:\/\/aporlasflores.omathi.eu\/index.php\/categorie-produit\/suspension\/\" title=\"Suspension\">Suspension<\/a>\n\t\t<\/span><span class=\"aioseo-breadcrumb-separator\">&raquo;<\/span><span class=\"aioseo-breadcrumb\">\n\t\t\tCarte Pr\u00e9nom Personnalis\u00e9e \u2013 Naissance \u2013 D\u00e9coration de Porte ou de chambre de bebe ou enfant\n\t\t<\/span><\/div>","aioseo_breadcrumb_json":[{"label":"Home","link":"https:\/\/aporlasflores.omathi.eu"},{"label":"Suspension","link":"https:\/\/aporlasflores.omathi.eu\/index.php\/categorie-produit\/suspension\/"},{"label":"Carte Pr\u00e9nom Personnalis\u00e9e &#8211; Naissance &#8211; D\u00e9coration de Porte ou de chambre de bebe ou enfant","link":"https:\/\/aporlasflores.omathi.eu\/index.php\/produit\/carte-prenom-personnalisee-naissance-decoration-de-porte-ou-de-chambre-de-bebe-ou-enfant\/"}],"uagb_featured_image_src":{"full":["https:\/\/aporlasflores.omathi.eu\/wp-content\/uploads\/2025\/07\/Photoroom_20250416_165038-1.jpeg",2000,2000,false],"thumbnail":["https:\/\/aporlasflores.omathi.eu\/wp-content\/uploads\/2025\/07\/Photoroom_20250416_165038-1-150x150.jpeg",150,150,true],"medium":["https:\/\/aporlasflores.omathi.eu\/wp-content\/uploads\/2025\/07\/Photoroom_20250416_165038-1-300x300.jpeg",300,300,true],"medium_large":["https:\/\/aporlasflores.omathi.eu\/wp-content\/uploads\/2025\/07\/Photoroom_20250416_165038-1-768x768.jpeg",768,768,true],"large":["https:\/\/aporlasflores.omathi.eu\/wp-content\/uploads\/2025\/07\/Photoroom_20250416_165038-1-1024x1024.jpeg",960,960,true],"1536x1536":["https:\/\/aporlasflores.omathi.eu\/wp-content\/uploads\/2025\/07\/Photoroom_20250416_165038-1-1536x1536.jpeg",1536,1536,true],"2048x2048":["https:\/\/aporlasflores.omathi.eu\/wp-content\/uploads\/2025\/07\/Photoroom_20250416_165038-1.jpeg",2000,2000,false],"ashe-slider-full-thumbnail":["https:\/\/aporlasflores.omathi.eu\/wp-content\/uploads\/2025\/07\/Photoroom_20250416_165038-1-1080x540.jpeg",1080,540,true],"ashe-full-thumbnail":["https:\/\/aporlasflores.omathi.eu\/wp-content\/uploads\/2025\/07\/Photoroom_20250416_165038-1-1140x1140.jpeg",1140,1140,true],"ashe-list-thumbnail":["https:\/\/aporlasflores.omathi.eu\/wp-content\/uploads\/2025\/07\/Photoroom_20250416_165038-1-300x300.jpeg",300,300,true],"ashe-grid-thumbnail":["https:\/\/aporlasflores.omathi.eu\/wp-content\/uploads\/2025\/07\/Photoroom_20250416_165038-1-500x330.jpeg",500,330,true],"ashe-single-navigation":["https:\/\/aporlasflores.omathi.eu\/wp-content\/uploads\/2025\/07\/Photoroom_20250416_165038-1-75x75.jpeg",75,75,true],"mailpoet_newsletter_max":["https:\/\/aporlasflores.omathi.eu\/wp-content\/uploads\/2025\/07\/Photoroom_20250416_165038-1-1320x1320.jpeg",1320,1320,true],"woocommerce_thumbnail":["https:\/\/aporlasflores.omathi.eu\/wp-content\/uploads\/2025\/07\/Photoroom_20250416_165038-1-300x300.jpeg",300,300,true],"woocommerce_single":["https:\/\/aporlasflores.omathi.eu\/wp-content\/uploads\/2025\/07\/Photoroom_20250416_165038-1-600x600.jpeg",600,600,true],"woocommerce_gallery_thumbnail":["https:\/\/aporlasflores.omathi.eu\/wp-content\/uploads\/2025\/07\/Photoroom_20250416_165038-1-100x100.jpeg",100,100,true]},"uagb_author_info":{"display_name":"Salom\u00e9 Charlet","author_link":"https:\/\/aporlasflores.omathi.eu\/index.php\/author\/"},"uagb_comment_info":0,"uagb_excerpt":"D\u00e9couvrez notre carte pr\u00e9nom sur mesure, id\u00e9ale pour c\u00e9l\u00e9brer l'arriv\u00e9e d'un nouveau-n\u00e9 ou pour embellir l'entr\u00e9e d'une chambre d'enfant. Id\u00e9al \u00e0 offrir en cadeau de naissance ou pour une baby shower. Dimensions : 14 cm de diam\u00e8tre, une taille parfaite pour une d\u00e9coration \u00e9l\u00e9gante. Mat\u00e9riel : Confectionn\u00e9e en papier cartonn\u00e9 de premi\u00e8re qualit\u00e9 et bois\u2026","_links":{"self":[{"href":"https:\/\/aporlasflores.omathi.eu\/index.php\/wp-json\/wp\/v2\/product\/800","targetHints":{"allow":["GET"]}}],"collection":[{"href":"https:\/\/aporlasflores.omathi.eu\/index.php\/wp-json\/wp\/v2\/product"}],"about":[{"href":"https:\/\/aporlasflores.omathi.eu\/index.php\/wp-json\/wp\/v2\/types\/product"}],"version-history":[{"count":1,"href":"https:\/\/aporlasflores.omathi.eu\/index.php\/wp-json\/wp\/v2\/product\/800\/revisions"}],"predecessor-version":[{"id":807,"href":"https:\/\/aporlasflores.omathi.eu\/index.php\/wp-json\/wp\/v2\/product\/800\/revisions\/807"}],"wp:featuredmedia":[{"embeddable":true,"href":"https:\/\/aporlasflores.omathi.eu\/index.php\/wp-json\/wp\/v2\/media\/805"}],"wp:attachment":[{"href":"https:\/\/aporlasflores.omathi.eu\/index.php\/wp-json\/wp\/v2\/media?parent=800"}],"wp:term":[{"taxonomy":"product_brand","embeddable":true,"href":"https:\/\/aporlasflores.omathi.eu\/index.php\/wp-json\/wp\/v2\/product_brand?post=800"},{"taxonomy":"product_cat","embeddable":true,"href":"https:\/\/aporlasflores.omathi.eu\/index.php\/wp-json\/wp\/v2\/product_cat?post=800"},{"taxonomy":"product_tag","embeddable":true,"href":"https:\/\/aporlasflores.omathi.eu\/index.php\/wp-json\/wp\/v2\/product_tag?post=800"}],"curies":[{"name":"wp","href":"https:\/\/api.w.org\/{rel}","templated":true}]}}