{"id":752,"date":"2025-05-20T22:01:21","date_gmt":"2025-05-20T20:01:21","guid":{"rendered":"https:\/\/aporlasflores.omathi.eu\/?post_type=product&#038;p=752"},"modified":"2025-05-20T22:04:58","modified_gmt":"2025-05-20T20:04:58","slug":"couronne-maitresse","status":"publish","type":"product","link":"https:\/\/aporlasflores.omathi.eu\/index.php\/produit\/couronne-maitresse\/","title":{"rendered":"Couronne Ma\u00eetresse"},"content":{"rendered":"<p>Couronne de 29 cm de diam\u00e8tre \u00a0\u00e0 personnaliser dans les couleurs que vous souhaitez.<\/p>\n","protected":false},"excerpt":{"rendered":"<p>Couronne de 29 cm de diam\u00e8tre \u00a0\u00e0 personnaliser dans les couleurs que vous souhaitez.<\/p>\n","protected":false},"featured_media":753,"template":"","meta":{"_eb_attr":"","om_disable_all_campaigns":false,"_uag_custom_page_level_css":"","_monsterinsights_skip_tracking":false},"product_brand":[],"product_cat":[33],"product_tag":[],"class_list":["post-752","product","type-product","status-publish","has-post-thumbnail","product_cat-couronnes","wcpa_has_options","first","instock","shipping-taxable","purchasable","product-type-simple"],"aioseo_notices":[],"aioseo_head":"\n\t\t<!-- All in One SEO 5.0.0.1 - aioseo.com -->\n\t<meta name=\"description\" content=\"Couronne de 29 cm de diam\u00e8tre \u00e0 personnaliser dans les couleurs que vous souhaitez.\" \/>\n\t<meta name=\"robots\" content=\"max-image-preview:large\" \/>\n\t<link rel=\"canonical\" href=\"https:\/\/aporlasflores.omathi.eu\/index.php\/produit\/couronne-maitresse\/\" \/>\n\t<meta name=\"generator\" content=\"All in One SEO (AIOSEO) 5.0.0.1\" \/>\n\t\t<meta property=\"og:locale\" content=\"fr_FR\" \/>\n\t\t<meta property=\"og:site_name\" content=\"-\" \/>\n\t\t<meta property=\"og:type\" content=\"article\" \/>\n\t\t<meta property=\"og:title\" content=\"Couronne Ma\u00eetresse -\" \/>\n\t\t<meta property=\"og:description\" content=\"Couronne de 29 cm de diam\u00e8tre \u00e0 personnaliser dans les couleurs que vous souhaitez.\" \/>\n\t\t<meta property=\"og:url\" content=\"https:\/\/aporlasflores.omathi.eu\/index.php\/produit\/couronne-maitresse\/\" \/>\n\t\t<meta property=\"article:published_time\" content=\"2025-05-20T20:01:21+00:00\" \/>\n\t\t<meta property=\"article:modified_time\" content=\"2025-05-20T20:04:58+00:00\" \/>\n\t\t<meta name=\"twitter:card\" content=\"summary_large_image\" \/>\n\t\t<meta name=\"twitter:title\" content=\"Couronne Ma\u00eetresse -\" \/>\n\t\t<meta name=\"twitter:description\" content=\"Couronne de 29 cm de diam\u00e8tre \u00e0 personnaliser dans les couleurs que vous souhaitez.\" \/>\n\t\t<script type=\"application\/ld+json\" class=\"aioseo-schema\">\n\t\t\t{\"@context\":\"https:\\\/\\\/schema.org\",\"@graph\":[{\"@type\":\"BreadcrumbList\",\"@id\":\"https:\\\/\\\/aporlasflores.omathi.eu\\\/index.php\\\/produit\\\/couronne-maitresse\\\/#breadcrumblist\",\"itemListElement\":[{\"@type\":\"ListItem\",\"@id\":\"https:\\\/\\\/aporlasflores.omathi.eu#listItem\",\"position\":1,\"name\":\"Home\",\"item\":\"https:\\\/\\\/aporlasflores.omathi.eu\",\"nextItem\":{\"@type\":\"ListItem\",\"@id\":\"https:\\\/\\\/aporlasflores.omathi.eu\\\/index.php\\\/categorie-produit\\\/couronnes\\\/#listItem\",\"name\":\"Couronnes\"}},{\"@type\":\"ListItem\",\"@id\":\"https:\\\/\\\/aporlasflores.omathi.eu\\\/index.php\\\/categorie-produit\\\/couronnes\\\/#listItem\",\"position\":2,\"name\":\"Couronnes\",\"item\":\"https:\\\/\\\/aporlasflores.omathi.eu\\\/index.php\\\/categorie-produit\\\/couronnes\\\/\",\"nextItem\":{\"@type\":\"ListItem\",\"@id\":\"https:\\\/\\\/aporlasflores.omathi.eu\\\/index.php\\\/produit\\\/couronne-maitresse\\\/#listItem\",\"name\":\"Couronne Ma\\u00eetresse\"},\"previousItem\":{\"@type\":\"ListItem\",\"@id\":\"https:\\\/\\\/aporlasflores.omathi.eu#listItem\",\"name\":\"Home\"}},{\"@type\":\"ListItem\",\"@id\":\"https:\\\/\\\/aporlasflores.omathi.eu\\\/index.php\\\/produit\\\/couronne-maitresse\\\/#listItem\",\"position\":3,\"name\":\"Couronne Ma\\u00eetresse\",\"previousItem\":{\"@type\":\"ListItem\",\"@id\":\"https:\\\/\\\/aporlasflores.omathi.eu\\\/index.php\\\/categorie-produit\\\/couronnes\\\/#listItem\",\"name\":\"Couronnes\"}}]},{\"@type\":\"ItemPage\",\"@id\":\"https:\\\/\\\/aporlasflores.omathi.eu\\\/index.php\\\/produit\\\/couronne-maitresse\\\/#itempage\",\"url\":\"https:\\\/\\\/aporlasflores.omathi.eu\\\/index.php\\\/produit\\\/couronne-maitresse\\\/\",\"name\":\"Couronne Ma\\u00eetresse -\",\"description\":\"Couronne de 29 cm de diam\\u00e8tre \\u00e0 personnaliser dans les couleurs que vous souhaitez.\",\"inLanguage\":\"fr-FR\",\"isPartOf\":{\"@id\":\"https:\\\/\\\/aporlasflores.omathi.eu\\\/#website\"},\"breadcrumb\":{\"@id\":\"https:\\\/\\\/aporlasflores.omathi.eu\\\/index.php\\\/produit\\\/couronne-maitresse\\\/#breadcrumblist\"},\"image\":{\"@type\":\"ImageObject\",\"url\":\"https:\\\/\\\/aporlasflores.omathi.eu\\\/wp-content\\\/uploads\\\/2025\\\/05\\\/Capture-decran-2025-05-20-a-21.57.54.png\",\"@id\":\"https:\\\/\\\/aporlasflores.omathi.eu\\\/index.php\\\/produit\\\/couronne-maitresse\\\/#mainImage\",\"width\":926,\"height\":846},\"primaryImageOfPage\":{\"@id\":\"https:\\\/\\\/aporlasflores.omathi.eu\\\/index.php\\\/produit\\\/couronne-maitresse\\\/#mainImage\"},\"datePublished\":\"2025-05-20T22:01:21+02:00\",\"dateModified\":\"2025-05-20T22:04:58+02:00\"},{\"@type\":\"Organization\",\"@id\":\"https:\\\/\\\/aporlasflores.omathi.eu\\\/#organization\",\"name\":\"A por las flores\",\"url\":\"https:\\\/\\\/aporlasflores.omathi.eu\\\/\"},{\"@type\":\"WebSite\",\"@id\":\"https:\\\/\\\/aporlasflores.omathi.eu\\\/#website\",\"url\":\"https:\\\/\\\/aporlasflores.omathi.eu\\\/\",\"name\":\"A por las flores\",\"inLanguage\":\"fr-FR\",\"publisher\":{\"@id\":\"https:\\\/\\\/aporlasflores.omathi.eu\\\/#organization\"}}]}\n\t\t<\/script>\n\t\t<!-- All in One SEO -->\n\n","aioseo_head_json":{"title":"Couronne Ma\u00eetresse -","description":"Couronne de 29 cm de diam\u00e8tre \u00e0 personnaliser dans les couleurs que vous souhaitez.","canonical_url":"https:\/\/aporlasflores.omathi.eu\/index.php\/produit\/couronne-maitresse\/","robots":"max-image-preview:large","keywords":"","webmasterTools":{"miscellaneous":""},"schema":{"@context":"https:\/\/schema.org","@graph":[{"@type":"BreadcrumbList","@id":"https:\/\/aporlasflores.omathi.eu\/index.php\/produit\/couronne-maitresse\/#breadcrumblist","itemListElement":[{"@type":"ListItem","@id":"https:\/\/aporlasflores.omathi.eu#listItem","position":1,"name":"Home","item":"https:\/\/aporlasflores.omathi.eu","nextItem":{"@type":"ListItem","@id":"https:\/\/aporlasflores.omathi.eu\/index.php\/categorie-produit\/couronnes\/#listItem","name":"Couronnes"}},{"@type":"ListItem","@id":"https:\/\/aporlasflores.omathi.eu\/index.php\/categorie-produit\/couronnes\/#listItem","position":2,"name":"Couronnes","item":"https:\/\/aporlasflores.omathi.eu\/index.php\/categorie-produit\/couronnes\/","nextItem":{"@type":"ListItem","@id":"https:\/\/aporlasflores.omathi.eu\/index.php\/produit\/couronne-maitresse\/#listItem","name":"Couronne Ma\u00eetresse"},"previousItem":{"@type":"ListItem","@id":"https:\/\/aporlasflores.omathi.eu#listItem","name":"Home"}},{"@type":"ListItem","@id":"https:\/\/aporlasflores.omathi.eu\/index.php\/produit\/couronne-maitresse\/#listItem","position":3,"name":"Couronne Ma\u00eetresse","previousItem":{"@type":"ListItem","@id":"https:\/\/aporlasflores.omathi.eu\/index.php\/categorie-produit\/couronnes\/#listItem","name":"Couronnes"}}]},{"@type":"ItemPage","@id":"https:\/\/aporlasflores.omathi.eu\/index.php\/produit\/couronne-maitresse\/#itempage","url":"https:\/\/aporlasflores.omathi.eu\/index.php\/produit\/couronne-maitresse\/","name":"Couronne Ma\u00eetresse -","description":"Couronne de 29 cm de diam\u00e8tre \u00e0 personnaliser dans les couleurs que vous souhaitez.","inLanguage":"fr-FR","isPartOf":{"@id":"https:\/\/aporlasflores.omathi.eu\/#website"},"breadcrumb":{"@id":"https:\/\/aporlasflores.omathi.eu\/index.php\/produit\/couronne-maitresse\/#breadcrumblist"},"image":{"@type":"ImageObject","url":"https:\/\/aporlasflores.omathi.eu\/wp-content\/uploads\/2025\/05\/Capture-decran-2025-05-20-a-21.57.54.png","@id":"https:\/\/aporlasflores.omathi.eu\/index.php\/produit\/couronne-maitresse\/#mainImage","width":926,"height":846},"primaryImageOfPage":{"@id":"https:\/\/aporlasflores.omathi.eu\/index.php\/produit\/couronne-maitresse\/#mainImage"},"datePublished":"2025-05-20T22:01:21+02:00","dateModified":"2025-05-20T22:04:58+02:00"},{"@type":"Organization","@id":"https:\/\/aporlasflores.omathi.eu\/#organization","name":"A por las flores","url":"https:\/\/aporlasflores.omathi.eu\/"},{"@type":"WebSite","@id":"https:\/\/aporlasflores.omathi.eu\/#website","url":"https:\/\/aporlasflores.omathi.eu\/","name":"A por las flores","inLanguage":"fr-FR","publisher":{"@id":"https:\/\/aporlasflores.omathi.eu\/#organization"}}]},"og:locale":"fr_FR","og:site_name":"-","og:type":"article","og:title":"Couronne Ma\u00eetresse -","og:description":"Couronne de 29 cm de diam\u00e8tre \u00e0 personnaliser dans les couleurs que vous souhaitez.","og:url":"https:\/\/aporlasflores.omathi.eu\/index.php\/produit\/couronne-maitresse\/","article:published_time":"2025-05-20T20:01:21+00:00","article:modified_time":"2025-05-20T20:04:58+00:00","twitter:card":"summary_large_image","twitter:title":"Couronne Ma\u00eetresse -","twitter:description":"Couronne de 29 cm de diam\u00e8tre \u00e0 personnaliser dans les couleurs que vous souhaitez."},"aioseo_meta_data":{"post_id":"752","title":null,"description":null,"keywords":null,"keyphrases":{"focus":{"keyphrase":"","score":0,"analysis":{"keyphraseInTitle":{"score":0,"maxScore":9,"error":1}}},"additional":[]},"primary_term":null,"canonical_url":null,"og_title":null,"og_description":null,"og_object_type":"default","og_image_type":"default","og_image_url":null,"og_image_width":null,"og_image_height":null,"og_image_custom_url":null,"og_image_custom_fields":null,"og_video":"","og_custom_url":null,"og_article_section":null,"og_article_tags":null,"twitter_use_og":false,"twitter_card":"default","twitter_image_type":"default","twitter_image_url":null,"twitter_image_custom_url":null,"twitter_image_custom_fields":null,"twitter_title":null,"twitter_description":null,"schema":{"blockGraphs":[],"customGraphs":[],"default":{"data":{"Article":[],"Course":[],"Dataset":[],"FAQPage":[],"Movie":[],"Person":[],"Product":[],"ProductReview":[],"Car":[],"Recipe":[],"Service":[],"SoftwareApplication":[],"WebPage":[]},"graphName":"ItemPage","isEnabled":true},"graphs":[]},"schema_type":"default","schema_type_options":null,"pillar_content":false,"robots_default":true,"robots_noindex":false,"robots_noarchive":false,"robots_nosnippet":false,"robots_nofollow":false,"robots_noimageindex":false,"robots_noodp":false,"robots_notranslate":false,"robots_max_snippet":"-1","robots_max_videopreview":"-1","robots_max_imagepreview":"large","priority":null,"frequency":"default","local_seo":null,"breadcrumb_settings":null,"limit_modified_date":false,"ai":null,"created":"2025-05-20 20:01:22","updated":"2025-06-07 20:47:39","seo_analyzer_scan_date":null,"focus_keyword":null,"additional_keywords":null,"truseo_locale":null},"aioseo_breadcrumb":"<div class=\"aioseo-breadcrumbs\"><span class=\"aioseo-breadcrumb\">\n\t\t\t<a href=\"https:\/\/aporlasflores.omathi.eu\" title=\"Home\">Home<\/a>\n\t\t<\/span><span class=\"aioseo-breadcrumb-separator\">&raquo;<\/span><span class=\"aioseo-breadcrumb\">\n\t\t\t<a href=\"https:\/\/aporlasflores.omathi.eu\/index.php\/categorie-produit\/couronnes\/\" title=\"Couronnes\">Couronnes<\/a>\n\t\t<\/span><span class=\"aioseo-breadcrumb-separator\">&raquo;<\/span><span class=\"aioseo-breadcrumb\">\n\t\t\tCouronne Ma\u00eetresse\n\t\t<\/span><\/div>","aioseo_breadcrumb_json":[{"label":"Home","link":"https:\/\/aporlasflores.omathi.eu"},{"label":"Couronnes","link":"https:\/\/aporlasflores.omathi.eu\/index.php\/categorie-produit\/couronnes\/"},{"label":"Couronne Ma\u00eetresse","link":"https:\/\/aporlasflores.omathi.eu\/index.php\/produit\/couronne-maitresse\/"}],"uagb_featured_image_src":{"full":["https:\/\/aporlasflores.omathi.eu\/wp-content\/uploads\/2025\/05\/Capture-decran-2025-05-20-a-21.57.54.png",926,846,false],"thumbnail":["https:\/\/aporlasflores.omathi.eu\/wp-content\/uploads\/2025\/05\/Capture-decran-2025-05-20-a-21.57.54-150x150.png",150,150,true],"medium":["https:\/\/aporlasflores.omathi.eu\/wp-content\/uploads\/2025\/05\/Capture-decran-2025-05-20-a-21.57.54-300x274.png",300,274,true],"medium_large":["https:\/\/aporlasflores.omathi.eu\/wp-content\/uploads\/2025\/05\/Capture-decran-2025-05-20-a-21.57.54-768x702.png",768,702,true],"large":["https:\/\/aporlasflores.omathi.eu\/wp-content\/uploads\/2025\/05\/Capture-decran-2025-05-20-a-21.57.54.png",926,846,false],"1536x1536":["https:\/\/aporlasflores.omathi.eu\/wp-content\/uploads\/2025\/05\/Capture-decran-2025-05-20-a-21.57.54.png",926,846,false],"2048x2048":["https:\/\/aporlasflores.omathi.eu\/wp-content\/uploads\/2025\/05\/Capture-decran-2025-05-20-a-21.57.54.png",926,846,false],"ashe-slider-full-thumbnail":["https:\/\/aporlasflores.omathi.eu\/wp-content\/uploads\/2025\/05\/Capture-decran-2025-05-20-a-21.57.54-926x540.png",926,540,true],"ashe-full-thumbnail":["https:\/\/aporlasflores.omathi.eu\/wp-content\/uploads\/2025\/05\/Capture-decran-2025-05-20-a-21.57.54.png",926,846,false],"ashe-list-thumbnail":["https:\/\/aporlasflores.omathi.eu\/wp-content\/uploads\/2025\/05\/Capture-decran-2025-05-20-a-21.57.54-300x300.png",300,300,true],"ashe-grid-thumbnail":["https:\/\/aporlasflores.omathi.eu\/wp-content\/uploads\/2025\/05\/Capture-decran-2025-05-20-a-21.57.54-500x330.png",500,330,true],"ashe-single-navigation":["https:\/\/aporlasflores.omathi.eu\/wp-content\/uploads\/2025\/05\/Capture-decran-2025-05-20-a-21.57.54-75x75.png",75,75,true],"mailpoet_newsletter_max":["https:\/\/aporlasflores.omathi.eu\/wp-content\/uploads\/2025\/05\/Capture-decran-2025-05-20-a-21.57.54.png",926,846,false],"woocommerce_thumbnail":["https:\/\/aporlasflores.omathi.eu\/wp-content\/uploads\/2025\/05\/Capture-decran-2025-05-20-a-21.57.54-300x300.png",300,300,true],"woocommerce_single":["https:\/\/aporlasflores.omathi.eu\/wp-content\/uploads\/2025\/05\/Capture-decran-2025-05-20-a-21.57.54-600x548.png",600,548,true],"woocommerce_gallery_thumbnail":["https:\/\/aporlasflores.omathi.eu\/wp-content\/uploads\/2025\/05\/Capture-decran-2025-05-20-a-21.57.54-100x100.png",100,100,true]},"uagb_author_info":{"display_name":"Salom\u00e9 Charlet","author_link":"https:\/\/aporlasflores.omathi.eu\/index.php\/author\/"},"uagb_comment_info":0,"uagb_excerpt":"Couronne de 29 cm de diam\u00e8tre \u00a0\u00e0 personnaliser dans les couleurs que vous souhaitez.","_links":{"self":[{"href":"https:\/\/aporlasflores.omathi.eu\/index.php\/wp-json\/wp\/v2\/product\/752","targetHints":{"allow":["GET"]}}],"collection":[{"href":"https:\/\/aporlasflores.omathi.eu\/index.php\/wp-json\/wp\/v2\/product"}],"about":[{"href":"https:\/\/aporlasflores.omathi.eu\/index.php\/wp-json\/wp\/v2\/types\/product"}],"version-history":[{"count":1,"href":"https:\/\/aporlasflores.omathi.eu\/index.php\/wp-json\/wp\/v2\/product\/752\/revisions"}],"predecessor-version":[{"id":754,"href":"https:\/\/aporlasflores.omathi.eu\/index.php\/wp-json\/wp\/v2\/product\/752\/revisions\/754"}],"wp:featuredmedia":[{"embeddable":true,"href":"https:\/\/aporlasflores.omathi.eu\/index.php\/wp-json\/wp\/v2\/media\/753"}],"wp:attachment":[{"href":"https:\/\/aporlasflores.omathi.eu\/index.php\/wp-json\/wp\/v2\/media?parent=752"}],"wp:term":[{"taxonomy":"product_brand","embeddable":true,"href":"https:\/\/aporlasflores.omathi.eu\/index.php\/wp-json\/wp\/v2\/product_brand?post=752"},{"taxonomy":"product_cat","embeddable":true,"href":"https:\/\/aporlasflores.omathi.eu\/index.php\/wp-json\/wp\/v2\/product_cat?post=752"},{"taxonomy":"product_tag","embeddable":true,"href":"https:\/\/aporlasflores.omathi.eu\/index.php\/wp-json\/wp\/v2\/product_tag?post=752"}],"curies":[{"name":"wp","href":"https:\/\/api.w.org\/{rel}","templated":true}]}}