{"id":476,"date":"2024-04-04T16:54:21","date_gmt":"2024-04-04T14:54:21","guid":{"rendered":"https:\/\/aporlasflores.omathi.eu\/?post_type=product&#038;p=476"},"modified":"2025-03-14T10:15:31","modified_gmt":"2025-03-14T09:15:31","slug":"cadres-lumineux-majuscule-avec-fleurs-en-papier","status":"publish","type":"product","link":"https:\/\/aporlasflores.omathi.eu\/index.php\/produit\/cadres-lumineux-majuscule-avec-fleurs-en-papier\/","title":{"rendered":"Cadres lumineux Majuscule avec fleurs en papier"},"content":{"rendered":"<p>Vitrine \u00e0 poser faite de fleurs en papier.<\/p>\n<p>Des lumi\u00e8re led sont appos\u00e9es \u00e0 l&rsquo;int\u00e9rieur<\/p>\n<p>Elle est personnalisable tant les couleurs des fleurs que l&rsquo;\u00e9criture et la couleur de celle-ci.<\/p>\n<p>Les cadres sont au choix de couleur blanc, bois ou noir.<\/p>\n<p>Attention seul le contour est fleuri<\/p>\n<p>&nbsp;<\/p>\n","protected":false},"excerpt":{"rendered":"<p>Vitrine \u00e0 poser faite de fleurs en papier. Des lumi\u00e8re led sont appos\u00e9es \u00e0 l&rsquo;int\u00e9rieur Elle est personnalisable tant les couleurs des fleurs que l&rsquo;\u00e9criture et la couleur de celle-ci. Les cadres sont au choix de couleur blanc, bois ou noir. Attention seul le contour est fleuri &nbsp;<\/p>\n","protected":false},"featured_media":627,"template":"","meta":{"_eb_attr":"","om_disable_all_campaigns":false,"_uag_custom_page_level_css":"","_monsterinsights_skip_tracking":false},"product_brand":[],"product_cat":[42],"product_tag":[],"class_list":["post-476","product","type-product","status-publish","has-post-thumbnail","product_cat-cadresfleuris","wcpa_has_options","first","instock","shipping-taxable","purchasable","product-type-simple"],"aioseo_notices":[],"aioseo_head":"\n\t\t<!-- All in One SEO 5.0.0.1 - aioseo.com -->\n\t<meta name=\"description\" content=\"Vitrine \u00e0 poser faite de fleurs en papier. Des lumi\u00e8re led sont appos\u00e9es \u00e0 l&#039;int\u00e9rieur Elle est personnalisable tant les couleurs des fleurs que l&#039;\u00e9criture et la couleur de celle-ci. Les cadres sont au choix de couleur blanc, bois ou noir. Attention seul le contour est fleuri\" \/>\n\t<meta name=\"robots\" content=\"max-image-preview:large\" \/>\n\t<link rel=\"canonical\" href=\"https:\/\/aporlasflores.omathi.eu\/index.php\/produit\/cadres-lumineux-majuscule-avec-fleurs-en-papier\/\" \/>\n\t<meta name=\"generator\" content=\"All in One SEO (AIOSEO) 5.0.0.1\" \/>\n\t\t<meta property=\"og:locale\" content=\"fr_FR\" \/>\n\t\t<meta property=\"og:site_name\" content=\"-\" \/>\n\t\t<meta property=\"og:type\" content=\"article\" \/>\n\t\t<meta property=\"og:title\" content=\"Cadres lumineux Majuscule avec fleurs en papier -\" \/>\n\t\t<meta property=\"og:description\" content=\"Vitrine \u00e0 poser faite de fleurs en papier. Des lumi\u00e8re led sont appos\u00e9es \u00e0 l&#039;int\u00e9rieur Elle est personnalisable tant les couleurs des fleurs que l&#039;\u00e9criture et la couleur de celle-ci. Les cadres sont au choix de couleur blanc, bois ou noir. Attention seul le contour est fleuri\" \/>\n\t\t<meta property=\"og:url\" content=\"https:\/\/aporlasflores.omathi.eu\/index.php\/produit\/cadres-lumineux-majuscule-avec-fleurs-en-papier\/\" \/>\n\t\t<meta property=\"article:published_time\" content=\"2024-04-04T14:54:21+00:00\" \/>\n\t\t<meta property=\"article:modified_time\" content=\"2025-03-14T09:15:31+00:00\" \/>\n\t\t<meta name=\"twitter:card\" content=\"summary_large_image\" \/>\n\t\t<meta name=\"twitter:title\" content=\"Cadres lumineux Majuscule avec fleurs en papier -\" \/>\n\t\t<meta name=\"twitter:description\" content=\"Vitrine \u00e0 poser faite de fleurs en papier. Des lumi\u00e8re led sont appos\u00e9es \u00e0 l&#039;int\u00e9rieur Elle est personnalisable tant les couleurs des fleurs que l&#039;\u00e9criture et la couleur de celle-ci. Les cadres sont au choix de couleur blanc, bois ou noir. Attention seul le contour est fleuri\" \/>\n\t\t<script type=\"application\/ld+json\" class=\"aioseo-schema\">\n\t\t\t{\"@context\":\"https:\\\/\\\/schema.org\",\"@graph\":[{\"@type\":\"BreadcrumbList\",\"@id\":\"https:\\\/\\\/aporlasflores.omathi.eu\\\/index.php\\\/produit\\\/cadres-lumineux-majuscule-avec-fleurs-en-papier\\\/#breadcrumblist\",\"itemListElement\":[{\"@type\":\"ListItem\",\"@id\":\"https:\\\/\\\/aporlasflores.omathi.eu#listItem\",\"position\":1,\"name\":\"Home\",\"item\":\"https:\\\/\\\/aporlasflores.omathi.eu\",\"nextItem\":{\"@type\":\"ListItem\",\"@id\":\"https:\\\/\\\/aporlasflores.omathi.eu\\\/index.php\\\/categorie-produit\\\/cadresfleuris\\\/#listItem\",\"name\":\"Cadres fleuris\"}},{\"@type\":\"ListItem\",\"@id\":\"https:\\\/\\\/aporlasflores.omathi.eu\\\/index.php\\\/categorie-produit\\\/cadresfleuris\\\/#listItem\",\"position\":2,\"name\":\"Cadres fleuris\",\"item\":\"https:\\\/\\\/aporlasflores.omathi.eu\\\/index.php\\\/categorie-produit\\\/cadresfleuris\\\/\",\"nextItem\":{\"@type\":\"ListItem\",\"@id\":\"https:\\\/\\\/aporlasflores.omathi.eu\\\/index.php\\\/produit\\\/cadres-lumineux-majuscule-avec-fleurs-en-papier\\\/#listItem\",\"name\":\"Cadres lumineux Majuscule avec fleurs en papier\"},\"previousItem\":{\"@type\":\"ListItem\",\"@id\":\"https:\\\/\\\/aporlasflores.omathi.eu#listItem\",\"name\":\"Home\"}},{\"@type\":\"ListItem\",\"@id\":\"https:\\\/\\\/aporlasflores.omathi.eu\\\/index.php\\\/produit\\\/cadres-lumineux-majuscule-avec-fleurs-en-papier\\\/#listItem\",\"position\":3,\"name\":\"Cadres lumineux Majuscule avec fleurs en papier\",\"previousItem\":{\"@type\":\"ListItem\",\"@id\":\"https:\\\/\\\/aporlasflores.omathi.eu\\\/index.php\\\/categorie-produit\\\/cadresfleuris\\\/#listItem\",\"name\":\"Cadres fleuris\"}}]},{\"@type\":\"ItemPage\",\"@id\":\"https:\\\/\\\/aporlasflores.omathi.eu\\\/index.php\\\/produit\\\/cadres-lumineux-majuscule-avec-fleurs-en-papier\\\/#itempage\",\"url\":\"https:\\\/\\\/aporlasflores.omathi.eu\\\/index.php\\\/produit\\\/cadres-lumineux-majuscule-avec-fleurs-en-papier\\\/\",\"name\":\"Cadres lumineux Majuscule avec fleurs en papier -\",\"description\":\"Vitrine \\u00e0 poser faite de fleurs en papier. Des lumi\\u00e8re led sont appos\\u00e9es \\u00e0 l'int\\u00e9rieur Elle est personnalisable tant les couleurs des fleurs que l'\\u00e9criture et la couleur de celle-ci. Les cadres sont au choix de couleur blanc, bois ou noir. Attention seul le contour est fleuri\",\"inLanguage\":\"fr-FR\",\"isPartOf\":{\"@id\":\"https:\\\/\\\/aporlasflores.omathi.eu\\\/#website\"},\"breadcrumb\":{\"@id\":\"https:\\\/\\\/aporlasflores.omathi.eu\\\/index.php\\\/produit\\\/cadres-lumineux-majuscule-avec-fleurs-en-papier\\\/#breadcrumblist\"},\"image\":{\"@type\":\"ImageObject\",\"url\":\"https:\\\/\\\/aporlasflores.omathi.eu\\\/wp-content\\\/uploads\\\/2025\\\/03\\\/Photoroom_20250228_183855.jpg\",\"@id\":\"https:\\\/\\\/aporlasflores.omathi.eu\\\/index.php\\\/produit\\\/cadres-lumineux-majuscule-avec-fleurs-en-papier\\\/#mainImage\",\"width\":1624,\"height\":1624},\"primaryImageOfPage\":{\"@id\":\"https:\\\/\\\/aporlasflores.omathi.eu\\\/index.php\\\/produit\\\/cadres-lumineux-majuscule-avec-fleurs-en-papier\\\/#mainImage\"},\"datePublished\":\"2024-04-04T16:54:21+02:00\",\"dateModified\":\"2025-03-14T10:15:31+01:00\"},{\"@type\":\"Organization\",\"@id\":\"https:\\\/\\\/aporlasflores.omathi.eu\\\/#organization\",\"name\":\"A por las flores\",\"url\":\"https:\\\/\\\/aporlasflores.omathi.eu\\\/\"},{\"@type\":\"WebSite\",\"@id\":\"https:\\\/\\\/aporlasflores.omathi.eu\\\/#website\",\"url\":\"https:\\\/\\\/aporlasflores.omathi.eu\\\/\",\"name\":\"A por las flores\",\"inLanguage\":\"fr-FR\",\"publisher\":{\"@id\":\"https:\\\/\\\/aporlasflores.omathi.eu\\\/#organization\"}}]}\n\t\t<\/script>\n\t\t<!-- All in One SEO -->\n\n","aioseo_head_json":{"title":"Cadres lumineux Majuscule avec fleurs en papier -","description":"Vitrine \u00e0 poser faite de fleurs en papier. Des lumi\u00e8re led sont appos\u00e9es \u00e0 l'int\u00e9rieur Elle est personnalisable tant les couleurs des fleurs que l'\u00e9criture et la couleur de celle-ci. Les cadres sont au choix de couleur blanc, bois ou noir. Attention seul le contour est fleuri","canonical_url":"https:\/\/aporlasflores.omathi.eu\/index.php\/produit\/cadres-lumineux-majuscule-avec-fleurs-en-papier\/","robots":"max-image-preview:large","keywords":"","webmasterTools":{"miscellaneous":""},"schema":{"@context":"https:\/\/schema.org","@graph":[{"@type":"BreadcrumbList","@id":"https:\/\/aporlasflores.omathi.eu\/index.php\/produit\/cadres-lumineux-majuscule-avec-fleurs-en-papier\/#breadcrumblist","itemListElement":[{"@type":"ListItem","@id":"https:\/\/aporlasflores.omathi.eu#listItem","position":1,"name":"Home","item":"https:\/\/aporlasflores.omathi.eu","nextItem":{"@type":"ListItem","@id":"https:\/\/aporlasflores.omathi.eu\/index.php\/categorie-produit\/cadresfleuris\/#listItem","name":"Cadres fleuris"}},{"@type":"ListItem","@id":"https:\/\/aporlasflores.omathi.eu\/index.php\/categorie-produit\/cadresfleuris\/#listItem","position":2,"name":"Cadres fleuris","item":"https:\/\/aporlasflores.omathi.eu\/index.php\/categorie-produit\/cadresfleuris\/","nextItem":{"@type":"ListItem","@id":"https:\/\/aporlasflores.omathi.eu\/index.php\/produit\/cadres-lumineux-majuscule-avec-fleurs-en-papier\/#listItem","name":"Cadres lumineux Majuscule avec fleurs en papier"},"previousItem":{"@type":"ListItem","@id":"https:\/\/aporlasflores.omathi.eu#listItem","name":"Home"}},{"@type":"ListItem","@id":"https:\/\/aporlasflores.omathi.eu\/index.php\/produit\/cadres-lumineux-majuscule-avec-fleurs-en-papier\/#listItem","position":3,"name":"Cadres lumineux Majuscule avec fleurs en papier","previousItem":{"@type":"ListItem","@id":"https:\/\/aporlasflores.omathi.eu\/index.php\/categorie-produit\/cadresfleuris\/#listItem","name":"Cadres fleuris"}}]},{"@type":"ItemPage","@id":"https:\/\/aporlasflores.omathi.eu\/index.php\/produit\/cadres-lumineux-majuscule-avec-fleurs-en-papier\/#itempage","url":"https:\/\/aporlasflores.omathi.eu\/index.php\/produit\/cadres-lumineux-majuscule-avec-fleurs-en-papier\/","name":"Cadres lumineux Majuscule avec fleurs en papier -","description":"Vitrine \u00e0 poser faite de fleurs en papier. Des lumi\u00e8re led sont appos\u00e9es \u00e0 l'int\u00e9rieur Elle est personnalisable tant les couleurs des fleurs que l'\u00e9criture et la couleur de celle-ci. Les cadres sont au choix de couleur blanc, bois ou noir. Attention seul le contour est fleuri","inLanguage":"fr-FR","isPartOf":{"@id":"https:\/\/aporlasflores.omathi.eu\/#website"},"breadcrumb":{"@id":"https:\/\/aporlasflores.omathi.eu\/index.php\/produit\/cadres-lumineux-majuscule-avec-fleurs-en-papier\/#breadcrumblist"},"image":{"@type":"ImageObject","url":"https:\/\/aporlasflores.omathi.eu\/wp-content\/uploads\/2025\/03\/Photoroom_20250228_183855.jpg","@id":"https:\/\/aporlasflores.omathi.eu\/index.php\/produit\/cadres-lumineux-majuscule-avec-fleurs-en-papier\/#mainImage","width":1624,"height":1624},"primaryImageOfPage":{"@id":"https:\/\/aporlasflores.omathi.eu\/index.php\/produit\/cadres-lumineux-majuscule-avec-fleurs-en-papier\/#mainImage"},"datePublished":"2024-04-04T16:54:21+02:00","dateModified":"2025-03-14T10:15:31+01:00"},{"@type":"Organization","@id":"https:\/\/aporlasflores.omathi.eu\/#organization","name":"A por las flores","url":"https:\/\/aporlasflores.omathi.eu\/"},{"@type":"WebSite","@id":"https:\/\/aporlasflores.omathi.eu\/#website","url":"https:\/\/aporlasflores.omathi.eu\/","name":"A por las flores","inLanguage":"fr-FR","publisher":{"@id":"https:\/\/aporlasflores.omathi.eu\/#organization"}}]},"og:locale":"fr_FR","og:site_name":"-","og:type":"article","og:title":"Cadres lumineux Majuscule avec fleurs en papier -","og:description":"Vitrine \u00e0 poser faite de fleurs en papier. Des lumi\u00e8re led sont appos\u00e9es \u00e0 l'int\u00e9rieur Elle est personnalisable tant les couleurs des fleurs que l'\u00e9criture et la couleur de celle-ci. Les cadres sont au choix de couleur blanc, bois ou noir. Attention seul le contour est fleuri","og:url":"https:\/\/aporlasflores.omathi.eu\/index.php\/produit\/cadres-lumineux-majuscule-avec-fleurs-en-papier\/","article:published_time":"2024-04-04T14:54:21+00:00","article:modified_time":"2025-03-14T09:15:31+00:00","twitter:card":"summary_large_image","twitter:title":"Cadres lumineux Majuscule avec fleurs en papier -","twitter:description":"Vitrine \u00e0 poser faite de fleurs en papier. Des lumi\u00e8re led sont appos\u00e9es \u00e0 l'int\u00e9rieur Elle est personnalisable tant les couleurs des fleurs que l'\u00e9criture et la couleur de celle-ci. Les cadres sont au choix de couleur blanc, bois ou noir. Attention seul le contour est fleuri"},"aioseo_meta_data":{"post_id":"476","title":null,"description":null,"keywords":null,"keyphrases":{"focus":{"keyphrase":"","score":0,"analysis":{"keyphraseInTitle":{"score":0,"maxScore":9,"error":1}}},"additional":[]},"primary_term":null,"canonical_url":null,"og_title":null,"og_description":null,"og_object_type":"default","og_image_type":"default","og_image_url":null,"og_image_width":null,"og_image_height":null,"og_image_custom_url":null,"og_image_custom_fields":null,"og_video":"","og_custom_url":null,"og_article_section":null,"og_article_tags":null,"twitter_use_og":false,"twitter_card":"default","twitter_image_type":"default","twitter_image_url":null,"twitter_image_custom_url":null,"twitter_image_custom_fields":null,"twitter_title":null,"twitter_description":null,"schema":{"blockGraphs":[],"customGraphs":[],"default":{"data":{"Article":[],"Course":[],"Dataset":[],"FAQPage":[],"Movie":[],"Person":[],"Product":[],"ProductReview":[],"Car":[],"Recipe":[],"Service":[],"SoftwareApplication":[],"WebPage":[]},"graphName":"ItemPage","isEnabled":true},"graphs":[]},"schema_type":"default","schema_type_options":null,"pillar_content":false,"robots_default":true,"robots_noindex":false,"robots_noarchive":false,"robots_nosnippet":false,"robots_nofollow":false,"robots_noimageindex":false,"robots_noodp":false,"robots_notranslate":false,"robots_max_snippet":"-1","robots_max_videopreview":"-1","robots_max_imagepreview":"large","priority":null,"frequency":"default","local_seo":null,"breadcrumb_settings":null,"limit_modified_date":false,"ai":null,"created":"2024-04-04 14:54:21","updated":"2025-06-07 18:13:40","seo_analyzer_scan_date":null,"focus_keyword":null,"additional_keywords":null,"truseo_locale":null},"aioseo_breadcrumb":"<div class=\"aioseo-breadcrumbs\"><span class=\"aioseo-breadcrumb\">\n\t\t\t<a href=\"https:\/\/aporlasflores.omathi.eu\" title=\"Home\">Home<\/a>\n\t\t<\/span><span class=\"aioseo-breadcrumb-separator\">&raquo;<\/span><span class=\"aioseo-breadcrumb\">\n\t\t\t<a href=\"https:\/\/aporlasflores.omathi.eu\/index.php\/categorie-produit\/cadresfleuris\/\" title=\"Cadres fleuris\">Cadres fleuris<\/a>\n\t\t<\/span><span class=\"aioseo-breadcrumb-separator\">&raquo;<\/span><span class=\"aioseo-breadcrumb\">\n\t\t\tCadres lumineux Majuscule avec fleurs en papier\n\t\t<\/span><\/div>","aioseo_breadcrumb_json":[{"label":"Home","link":"https:\/\/aporlasflores.omathi.eu"},{"label":"Cadres fleuris","link":"https:\/\/aporlasflores.omathi.eu\/index.php\/categorie-produit\/cadresfleuris\/"},{"label":"Cadres lumineux Majuscule avec fleurs en papier","link":"https:\/\/aporlasflores.omathi.eu\/index.php\/produit\/cadres-lumineux-majuscule-avec-fleurs-en-papier\/"}],"uagb_featured_image_src":{"full":["https:\/\/aporlasflores.omathi.eu\/wp-content\/uploads\/2025\/03\/Photoroom_20250228_183855.jpg",1624,1624,false],"thumbnail":["https:\/\/aporlasflores.omathi.eu\/wp-content\/uploads\/2025\/03\/Photoroom_20250228_183855-150x150.jpg",150,150,true],"medium":["https:\/\/aporlasflores.omathi.eu\/wp-content\/uploads\/2025\/03\/Photoroom_20250228_183855-300x300.jpg",300,300,true],"medium_large":["https:\/\/aporlasflores.omathi.eu\/wp-content\/uploads\/2025\/03\/Photoroom_20250228_183855-768x768.jpg",768,768,true],"large":["https:\/\/aporlasflores.omathi.eu\/wp-content\/uploads\/2025\/03\/Photoroom_20250228_183855-1024x1024.jpg",960,960,true],"1536x1536":["https:\/\/aporlasflores.omathi.eu\/wp-content\/uploads\/2025\/03\/Photoroom_20250228_183855-1536x1536.jpg",1536,1536,true],"2048x2048":["https:\/\/aporlasflores.omathi.eu\/wp-content\/uploads\/2025\/03\/Photoroom_20250228_183855.jpg",1624,1624,false],"ashe-slider-full-thumbnail":["https:\/\/aporlasflores.omathi.eu\/wp-content\/uploads\/2025\/03\/Photoroom_20250228_183855-1080x540.jpg",1080,540,true],"ashe-full-thumbnail":["https:\/\/aporlasflores.omathi.eu\/wp-content\/uploads\/2025\/03\/Photoroom_20250228_183855-1140x1140.jpg",1140,1140,true],"ashe-list-thumbnail":["https:\/\/aporlasflores.omathi.eu\/wp-content\/uploads\/2025\/03\/Photoroom_20250228_183855-300x300.jpg",300,300,true],"ashe-grid-thumbnail":["https:\/\/aporlasflores.omathi.eu\/wp-content\/uploads\/2025\/03\/Photoroom_20250228_183855-500x330.jpg",500,330,true],"ashe-single-navigation":["https:\/\/aporlasflores.omathi.eu\/wp-content\/uploads\/2025\/03\/Photoroom_20250228_183855-75x75.jpg",75,75,true],"mailpoet_newsletter_max":["https:\/\/aporlasflores.omathi.eu\/wp-content\/uploads\/2025\/03\/Photoroom_20250228_183855-1320x1320.jpg",1320,1320,true],"woocommerce_thumbnail":["https:\/\/aporlasflores.omathi.eu\/wp-content\/uploads\/2025\/03\/Photoroom_20250228_183855-300x300.jpg",300,300,true],"woocommerce_single":["https:\/\/aporlasflores.omathi.eu\/wp-content\/uploads\/2025\/03\/Photoroom_20250228_183855-600x600.jpg",600,600,true],"woocommerce_gallery_thumbnail":["https:\/\/aporlasflores.omathi.eu\/wp-content\/uploads\/2025\/03\/Photoroom_20250228_183855-100x100.jpg",100,100,true]},"uagb_author_info":{"display_name":"Salom\u00e9 Charlet","author_link":"https:\/\/aporlasflores.omathi.eu\/index.php\/author\/"},"uagb_comment_info":0,"uagb_excerpt":"Vitrine \u00e0 poser faite de fleurs en papier. Des lumi\u00e8re led sont appos\u00e9es \u00e0 l&rsquo;int\u00e9rieur Elle est personnalisable tant les couleurs des fleurs que l&rsquo;\u00e9criture et la couleur de celle-ci. Les cadres sont au choix de couleur blanc, bois ou noir. Attention seul le contour est fleuri &nbsp;","_links":{"self":[{"href":"https:\/\/aporlasflores.omathi.eu\/index.php\/wp-json\/wp\/v2\/product\/476","targetHints":{"allow":["GET"]}}],"collection":[{"href":"https:\/\/aporlasflores.omathi.eu\/index.php\/wp-json\/wp\/v2\/product"}],"about":[{"href":"https:\/\/aporlasflores.omathi.eu\/index.php\/wp-json\/wp\/v2\/types\/product"}],"version-history":[{"count":1,"href":"https:\/\/aporlasflores.omathi.eu\/index.php\/wp-json\/wp\/v2\/product\/476\/revisions"}],"predecessor-version":[{"id":477,"href":"https:\/\/aporlasflores.omathi.eu\/index.php\/wp-json\/wp\/v2\/product\/476\/revisions\/477"}],"wp:featuredmedia":[{"embeddable":true,"href":"https:\/\/aporlasflores.omathi.eu\/index.php\/wp-json\/wp\/v2\/media\/627"}],"wp:attachment":[{"href":"https:\/\/aporlasflores.omathi.eu\/index.php\/wp-json\/wp\/v2\/media?parent=476"}],"wp:term":[{"taxonomy":"product_brand","embeddable":true,"href":"https:\/\/aporlasflores.omathi.eu\/index.php\/wp-json\/wp\/v2\/product_brand?post=476"},{"taxonomy":"product_cat","embeddable":true,"href":"https:\/\/aporlasflores.omathi.eu\/index.php\/wp-json\/wp\/v2\/product_cat?post=476"},{"taxonomy":"product_tag","embeddable":true,"href":"https:\/\/aporlasflores.omathi.eu\/index.php\/wp-json\/wp\/v2\/product_tag?post=476"}],"curies":[{"name":"wp","href":"https:\/\/api.w.org\/{rel}","templated":true}]}}