{"id":322,"date":"2023-11-15T21:00:32","date_gmt":"2023-11-15T20:00:32","guid":{"rendered":"https:\/\/aporlasflores.omathi.eu\/?post_type=product&#038;p=322"},"modified":"2025-04-23T13:34:08","modified_gmt":"2025-04-23T11:34:08","slug":"petit-mot-nom-ou-prenom-de-5-lettres","status":"publish","type":"product","link":"https:\/\/aporlasflores.omathi.eu\/index.php\/produit\/petit-mot-nom-ou-prenom-de-5-lettres\/","title":{"rendered":"Petit mot en fleurs s\u00e9ch\u00e9es de 5 lettres"},"content":{"rendered":"<p>Mot, nom ou pr\u00e9nom en fleurs s\u00e9ch\u00e9es.<\/p>\n<p>La majuscule mesure entre 20 et 22 cm de haut et le reste du texte d&rsquo;adapte pour rester harmonieux.<\/p>\n","protected":false},"excerpt":{"rendered":"<p>Mot, nom ou pr\u00e9nom en fleurs s\u00e9ch\u00e9es. La majuscule mesure entre 20 et 22 cm de haut et le reste du texte d&rsquo;adapte pour rester harmonieux.<\/p>\n","protected":false},"featured_media":742,"template":"","meta":{"_eb_attr":"","om_disable_all_campaigns":false,"_uag_custom_page_level_css":"","_monsterinsights_skip_tracking":false},"product_brand":[],"product_cat":[37,38],"product_tag":[],"class_list":["post-322","product","type-product","status-publish","has-post-thumbnail","product_cat-nom-en-fleurs-sechees","product_cat-petitsmots","wcpa_has_options","first","instock","shipping-taxable","purchasable","product-type-simple"],"aioseo_notices":[],"aioseo_head":"\n\t\t<!-- All in One SEO 5.0.0.1 - aioseo.com -->\n\t<meta name=\"description\" content=\"Mot, nom ou pr\u00e9nom en fleurs s\u00e9ch\u00e9es. La majuscule mesure entre 20 et 22 cm de haut et le reste du texte d&#039;adapte pour rester harmonieux.\" \/>\n\t<meta name=\"robots\" content=\"max-image-preview:large\" \/>\n\t<link rel=\"canonical\" href=\"https:\/\/aporlasflores.omathi.eu\/index.php\/produit\/petit-mot-nom-ou-prenom-de-5-lettres\/\" \/>\n\t<meta name=\"generator\" content=\"All in One SEO (AIOSEO) 5.0.0.1\" \/>\n\t\t<meta property=\"og:locale\" content=\"fr_FR\" \/>\n\t\t<meta property=\"og:site_name\" content=\"-\" \/>\n\t\t<meta property=\"og:type\" content=\"article\" \/>\n\t\t<meta property=\"og:title\" content=\"Petit mot en fleurs s\u00e9ch\u00e9es de 5 lettres -\" \/>\n\t\t<meta property=\"og:description\" content=\"Mot, nom ou pr\u00e9nom en fleurs s\u00e9ch\u00e9es. La majuscule mesure entre 20 et 22 cm de haut et le reste du texte d&#039;adapte pour rester harmonieux.\" \/>\n\t\t<meta property=\"og:url\" content=\"https:\/\/aporlasflores.omathi.eu\/index.php\/produit\/petit-mot-nom-ou-prenom-de-5-lettres\/\" \/>\n\t\t<meta property=\"article:published_time\" content=\"2023-11-15T20:00:32+00:00\" \/>\n\t\t<meta property=\"article:modified_time\" content=\"2025-04-23T11:34:08+00:00\" \/>\n\t\t<meta name=\"twitter:card\" content=\"summary_large_image\" \/>\n\t\t<meta name=\"twitter:title\" content=\"Petit mot en fleurs s\u00e9ch\u00e9es de 5 lettres -\" \/>\n\t\t<meta name=\"twitter:description\" content=\"Mot, nom ou pr\u00e9nom en fleurs s\u00e9ch\u00e9es. La majuscule mesure entre 20 et 22 cm de haut et le reste du texte d&#039;adapte pour rester harmonieux.\" \/>\n\t\t<script type=\"application\/ld+json\" class=\"aioseo-schema\">\n\t\t\t{\"@context\":\"https:\\\/\\\/schema.org\",\"@graph\":[{\"@type\":\"BreadcrumbList\",\"@id\":\"https:\\\/\\\/aporlasflores.omathi.eu\\\/index.php\\\/produit\\\/petit-mot-nom-ou-prenom-de-5-lettres\\\/#breadcrumblist\",\"itemListElement\":[{\"@type\":\"ListItem\",\"@id\":\"https:\\\/\\\/aporlasflores.omathi.eu#listItem\",\"position\":1,\"name\":\"Home\",\"item\":\"https:\\\/\\\/aporlasflores.omathi.eu\",\"nextItem\":{\"@type\":\"ListItem\",\"@id\":\"https:\\\/\\\/aporlasflores.omathi.eu\\\/index.php\\\/categorie-produit\\\/nom-en-fleurs-sechees\\\/#listItem\",\"name\":\"Nom en fleurs s\\u00e9ch\\u00e9es\"}},{\"@type\":\"ListItem\",\"@id\":\"https:\\\/\\\/aporlasflores.omathi.eu\\\/index.php\\\/categorie-produit\\\/nom-en-fleurs-sechees\\\/#listItem\",\"position\":2,\"name\":\"Nom en fleurs s\\u00e9ch\\u00e9es\",\"item\":\"https:\\\/\\\/aporlasflores.omathi.eu\\\/index.php\\\/categorie-produit\\\/nom-en-fleurs-sechees\\\/\",\"nextItem\":{\"@type\":\"ListItem\",\"@id\":\"https:\\\/\\\/aporlasflores.omathi.eu\\\/index.php\\\/categorie-produit\\\/nom-en-fleurs-sechees\\\/petitsmots\\\/#listItem\",\"name\":\"Petits mots murals\"},\"previousItem\":{\"@type\":\"ListItem\",\"@id\":\"https:\\\/\\\/aporlasflores.omathi.eu#listItem\",\"name\":\"Home\"}},{\"@type\":\"ListItem\",\"@id\":\"https:\\\/\\\/aporlasflores.omathi.eu\\\/index.php\\\/categorie-produit\\\/nom-en-fleurs-sechees\\\/petitsmots\\\/#listItem\",\"position\":3,\"name\":\"Petits mots murals\",\"item\":\"https:\\\/\\\/aporlasflores.omathi.eu\\\/index.php\\\/categorie-produit\\\/nom-en-fleurs-sechees\\\/petitsmots\\\/\",\"nextItem\":{\"@type\":\"ListItem\",\"@id\":\"https:\\\/\\\/aporlasflores.omathi.eu\\\/index.php\\\/produit\\\/petit-mot-nom-ou-prenom-de-5-lettres\\\/#listItem\",\"name\":\"Petit mot en fleurs s\\u00e9ch\\u00e9es de 5 lettres\"},\"previousItem\":{\"@type\":\"ListItem\",\"@id\":\"https:\\\/\\\/aporlasflores.omathi.eu\\\/index.php\\\/categorie-produit\\\/nom-en-fleurs-sechees\\\/#listItem\",\"name\":\"Nom en fleurs s\\u00e9ch\\u00e9es\"}},{\"@type\":\"ListItem\",\"@id\":\"https:\\\/\\\/aporlasflores.omathi.eu\\\/index.php\\\/produit\\\/petit-mot-nom-ou-prenom-de-5-lettres\\\/#listItem\",\"position\":4,\"name\":\"Petit mot en fleurs s\\u00e9ch\\u00e9es de 5 lettres\",\"previousItem\":{\"@type\":\"ListItem\",\"@id\":\"https:\\\/\\\/aporlasflores.omathi.eu\\\/index.php\\\/categorie-produit\\\/nom-en-fleurs-sechees\\\/petitsmots\\\/#listItem\",\"name\":\"Petits mots murals\"}}]},{\"@type\":\"ItemPage\",\"@id\":\"https:\\\/\\\/aporlasflores.omathi.eu\\\/index.php\\\/produit\\\/petit-mot-nom-ou-prenom-de-5-lettres\\\/#itempage\",\"url\":\"https:\\\/\\\/aporlasflores.omathi.eu\\\/index.php\\\/produit\\\/petit-mot-nom-ou-prenom-de-5-lettres\\\/\",\"name\":\"Petit mot en fleurs s\\u00e9ch\\u00e9es de 5 lettres -\",\"description\":\"Mot, nom ou pr\\u00e9nom en fleurs s\\u00e9ch\\u00e9es. La majuscule mesure entre 20 et 22 cm de haut et le reste du texte d'adapte pour rester harmonieux.\",\"inLanguage\":\"fr-FR\",\"isPartOf\":{\"@id\":\"https:\\\/\\\/aporlasflores.omathi.eu\\\/#website\"},\"breadcrumb\":{\"@id\":\"https:\\\/\\\/aporlasflores.omathi.eu\\\/index.php\\\/produit\\\/petit-mot-nom-ou-prenom-de-5-lettres\\\/#breadcrumblist\"},\"image\":{\"@type\":\"ImageObject\",\"url\":\"https:\\\/\\\/aporlasflores.omathi.eu\\\/wp-content\\\/uploads\\\/2023\\\/11\\\/Photoroom_20250412_141453.jpeg\",\"@id\":\"https:\\\/\\\/aporlasflores.omathi.eu\\\/index.php\\\/produit\\\/petit-mot-nom-ou-prenom-de-5-lettres\\\/#mainImage\",\"width\":749,\"height\":749},\"primaryImageOfPage\":{\"@id\":\"https:\\\/\\\/aporlasflores.omathi.eu\\\/index.php\\\/produit\\\/petit-mot-nom-ou-prenom-de-5-lettres\\\/#mainImage\"},\"datePublished\":\"2023-11-15T21:00:32+01:00\",\"dateModified\":\"2025-04-23T13:34:08+02:00\"},{\"@type\":\"Organization\",\"@id\":\"https:\\\/\\\/aporlasflores.omathi.eu\\\/#organization\",\"name\":\"A por las flores\",\"url\":\"https:\\\/\\\/aporlasflores.omathi.eu\\\/\"},{\"@type\":\"WebSite\",\"@id\":\"https:\\\/\\\/aporlasflores.omathi.eu\\\/#website\",\"url\":\"https:\\\/\\\/aporlasflores.omathi.eu\\\/\",\"name\":\"A por las flores\",\"inLanguage\":\"fr-FR\",\"publisher\":{\"@id\":\"https:\\\/\\\/aporlasflores.omathi.eu\\\/#organization\"}}]}\n\t\t<\/script>\n\t\t<!-- All in One SEO -->\n\n","aioseo_head_json":{"title":"Petit mot en fleurs s\u00e9ch\u00e9es de 5 lettres -","description":"Mot, nom ou pr\u00e9nom en fleurs s\u00e9ch\u00e9es. La majuscule mesure entre 20 et 22 cm de haut et le reste du texte d'adapte pour rester harmonieux.","canonical_url":"https:\/\/aporlasflores.omathi.eu\/index.php\/produit\/petit-mot-nom-ou-prenom-de-5-lettres\/","robots":"max-image-preview:large","keywords":"","webmasterTools":{"miscellaneous":""},"schema":{"@context":"https:\/\/schema.org","@graph":[{"@type":"BreadcrumbList","@id":"https:\/\/aporlasflores.omathi.eu\/index.php\/produit\/petit-mot-nom-ou-prenom-de-5-lettres\/#breadcrumblist","itemListElement":[{"@type":"ListItem","@id":"https:\/\/aporlasflores.omathi.eu#listItem","position":1,"name":"Home","item":"https:\/\/aporlasflores.omathi.eu","nextItem":{"@type":"ListItem","@id":"https:\/\/aporlasflores.omathi.eu\/index.php\/categorie-produit\/nom-en-fleurs-sechees\/#listItem","name":"Nom en fleurs s\u00e9ch\u00e9es"}},{"@type":"ListItem","@id":"https:\/\/aporlasflores.omathi.eu\/index.php\/categorie-produit\/nom-en-fleurs-sechees\/#listItem","position":2,"name":"Nom en fleurs s\u00e9ch\u00e9es","item":"https:\/\/aporlasflores.omathi.eu\/index.php\/categorie-produit\/nom-en-fleurs-sechees\/","nextItem":{"@type":"ListItem","@id":"https:\/\/aporlasflores.omathi.eu\/index.php\/categorie-produit\/nom-en-fleurs-sechees\/petitsmots\/#listItem","name":"Petits mots murals"},"previousItem":{"@type":"ListItem","@id":"https:\/\/aporlasflores.omathi.eu#listItem","name":"Home"}},{"@type":"ListItem","@id":"https:\/\/aporlasflores.omathi.eu\/index.php\/categorie-produit\/nom-en-fleurs-sechees\/petitsmots\/#listItem","position":3,"name":"Petits mots murals","item":"https:\/\/aporlasflores.omathi.eu\/index.php\/categorie-produit\/nom-en-fleurs-sechees\/petitsmots\/","nextItem":{"@type":"ListItem","@id":"https:\/\/aporlasflores.omathi.eu\/index.php\/produit\/petit-mot-nom-ou-prenom-de-5-lettres\/#listItem","name":"Petit mot en fleurs s\u00e9ch\u00e9es de 5 lettres"},"previousItem":{"@type":"ListItem","@id":"https:\/\/aporlasflores.omathi.eu\/index.php\/categorie-produit\/nom-en-fleurs-sechees\/#listItem","name":"Nom en fleurs s\u00e9ch\u00e9es"}},{"@type":"ListItem","@id":"https:\/\/aporlasflores.omathi.eu\/index.php\/produit\/petit-mot-nom-ou-prenom-de-5-lettres\/#listItem","position":4,"name":"Petit mot en fleurs s\u00e9ch\u00e9es de 5 lettres","previousItem":{"@type":"ListItem","@id":"https:\/\/aporlasflores.omathi.eu\/index.php\/categorie-produit\/nom-en-fleurs-sechees\/petitsmots\/#listItem","name":"Petits mots murals"}}]},{"@type":"ItemPage","@id":"https:\/\/aporlasflores.omathi.eu\/index.php\/produit\/petit-mot-nom-ou-prenom-de-5-lettres\/#itempage","url":"https:\/\/aporlasflores.omathi.eu\/index.php\/produit\/petit-mot-nom-ou-prenom-de-5-lettres\/","name":"Petit mot en fleurs s\u00e9ch\u00e9es de 5 lettres -","description":"Mot, nom ou pr\u00e9nom en fleurs s\u00e9ch\u00e9es. La majuscule mesure entre 20 et 22 cm de haut et le reste du texte d'adapte pour rester harmonieux.","inLanguage":"fr-FR","isPartOf":{"@id":"https:\/\/aporlasflores.omathi.eu\/#website"},"breadcrumb":{"@id":"https:\/\/aporlasflores.omathi.eu\/index.php\/produit\/petit-mot-nom-ou-prenom-de-5-lettres\/#breadcrumblist"},"image":{"@type":"ImageObject","url":"https:\/\/aporlasflores.omathi.eu\/wp-content\/uploads\/2023\/11\/Photoroom_20250412_141453.jpeg","@id":"https:\/\/aporlasflores.omathi.eu\/index.php\/produit\/petit-mot-nom-ou-prenom-de-5-lettres\/#mainImage","width":749,"height":749},"primaryImageOfPage":{"@id":"https:\/\/aporlasflores.omathi.eu\/index.php\/produit\/petit-mot-nom-ou-prenom-de-5-lettres\/#mainImage"},"datePublished":"2023-11-15T21:00:32+01:00","dateModified":"2025-04-23T13:34:08+02:00"},{"@type":"Organization","@id":"https:\/\/aporlasflores.omathi.eu\/#organization","name":"A por las flores","url":"https:\/\/aporlasflores.omathi.eu\/"},{"@type":"WebSite","@id":"https:\/\/aporlasflores.omathi.eu\/#website","url":"https:\/\/aporlasflores.omathi.eu\/","name":"A por las flores","inLanguage":"fr-FR","publisher":{"@id":"https:\/\/aporlasflores.omathi.eu\/#organization"}}]},"og:locale":"fr_FR","og:site_name":"-","og:type":"article","og:title":"Petit mot en fleurs s\u00e9ch\u00e9es de 5 lettres -","og:description":"Mot, nom ou pr\u00e9nom en fleurs s\u00e9ch\u00e9es. La majuscule mesure entre 20 et 22 cm de haut et le reste du texte d'adapte pour rester harmonieux.","og:url":"https:\/\/aporlasflores.omathi.eu\/index.php\/produit\/petit-mot-nom-ou-prenom-de-5-lettres\/","article:published_time":"2023-11-15T20:00:32+00:00","article:modified_time":"2025-04-23T11:34:08+00:00","twitter:card":"summary_large_image","twitter:title":"Petit mot en fleurs s\u00e9ch\u00e9es de 5 lettres -","twitter:description":"Mot, nom ou pr\u00e9nom en fleurs s\u00e9ch\u00e9es. La majuscule mesure entre 20 et 22 cm de haut et le reste du texte d'adapte pour rester harmonieux."},"aioseo_meta_data":{"post_id":"322","title":null,"description":null,"keywords":null,"keyphrases":{"focus":{"keyphrase":"","score":0,"analysis":{"keyphraseInTitle":{"score":0,"maxScore":9,"error":1}}},"additional":[]},"primary_term":null,"canonical_url":null,"og_title":null,"og_description":null,"og_object_type":"default","og_image_type":"default","og_image_url":null,"og_image_width":null,"og_image_height":null,"og_image_custom_url":null,"og_image_custom_fields":null,"og_video":"","og_custom_url":null,"og_article_section":null,"og_article_tags":null,"twitter_use_og":false,"twitter_card":"default","twitter_image_type":"default","twitter_image_url":null,"twitter_image_custom_url":null,"twitter_image_custom_fields":null,"twitter_title":null,"twitter_description":null,"schema":{"blockGraphs":[],"customGraphs":[],"default":{"data":{"Article":[],"Course":[],"Dataset":[],"FAQPage":[],"Movie":[],"Person":[],"Product":[],"ProductReview":[],"Car":[],"Recipe":[],"Service":[],"SoftwareApplication":[],"WebPage":[]},"graphName":"ItemPage","isEnabled":true},"graphs":[]},"schema_type":"default","schema_type_options":null,"pillar_content":false,"robots_default":true,"robots_noindex":false,"robots_noarchive":false,"robots_nosnippet":false,"robots_nofollow":false,"robots_noimageindex":false,"robots_noodp":false,"robots_notranslate":false,"robots_max_snippet":"-1","robots_max_videopreview":"-1","robots_max_imagepreview":"large","priority":null,"frequency":"default","local_seo":null,"breadcrumb_settings":null,"limit_modified_date":false,"ai":null,"created":"2023-11-15 20:00:32","updated":"2025-06-07 17:52:52","seo_analyzer_scan_date":null,"focus_keyword":null,"additional_keywords":null,"truseo_locale":null},"aioseo_breadcrumb":"<div class=\"aioseo-breadcrumbs\"><span class=\"aioseo-breadcrumb\">\n\t\t\t<a href=\"https:\/\/aporlasflores.omathi.eu\" title=\"Home\">Home<\/a>\n\t\t<\/span><span class=\"aioseo-breadcrumb-separator\">&raquo;<\/span><span class=\"aioseo-breadcrumb\">\n\t\t\t<a href=\"https:\/\/aporlasflores.omathi.eu\/index.php\/categorie-produit\/nom-en-fleurs-sechees\/\" title=\"Nom en fleurs s\u00e9ch\u00e9es\">Nom en fleurs s\u00e9ch\u00e9es<\/a>\n\t\t<\/span><span class=\"aioseo-breadcrumb-separator\">&raquo;<\/span><span class=\"aioseo-breadcrumb\">\n\t\t\t<a href=\"https:\/\/aporlasflores.omathi.eu\/index.php\/categorie-produit\/nom-en-fleurs-sechees\/petitsmots\/\" title=\"Petits mots murals\">Petits mots murals<\/a>\n\t\t<\/span><span class=\"aioseo-breadcrumb-separator\">&raquo;<\/span><span class=\"aioseo-breadcrumb\">\n\t\t\tPetit mot en fleurs s\u00e9ch\u00e9es de 5 lettres\n\t\t<\/span><\/div>","aioseo_breadcrumb_json":[{"label":"Home","link":"https:\/\/aporlasflores.omathi.eu"},{"label":"Nom en fleurs s\u00e9ch\u00e9es","link":"https:\/\/aporlasflores.omathi.eu\/index.php\/categorie-produit\/nom-en-fleurs-sechees\/"},{"label":"Petits mots murals","link":"https:\/\/aporlasflores.omathi.eu\/index.php\/categorie-produit\/nom-en-fleurs-sechees\/petitsmots\/"},{"label":"Petit mot en fleurs s\u00e9ch\u00e9es de 5 lettres","link":"https:\/\/aporlasflores.omathi.eu\/index.php\/produit\/petit-mot-nom-ou-prenom-de-5-lettres\/"}],"uagb_featured_image_src":{"full":["https:\/\/aporlasflores.omathi.eu\/wp-content\/uploads\/2023\/11\/Photoroom_20250412_141453.jpeg",749,749,false],"thumbnail":["https:\/\/aporlasflores.omathi.eu\/wp-content\/uploads\/2023\/11\/Photoroom_20250412_141453-150x150.jpeg",150,150,true],"medium":["https:\/\/aporlasflores.omathi.eu\/wp-content\/uploads\/2023\/11\/Photoroom_20250412_141453-300x300.jpeg",300,300,true],"medium_large":["https:\/\/aporlasflores.omathi.eu\/wp-content\/uploads\/2023\/11\/Photoroom_20250412_141453.jpeg",749,749,false],"large":["https:\/\/aporlasflores.omathi.eu\/wp-content\/uploads\/2023\/11\/Photoroom_20250412_141453.jpeg",749,749,false],"1536x1536":["https:\/\/aporlasflores.omathi.eu\/wp-content\/uploads\/2023\/11\/Photoroom_20250412_141453.jpeg",749,749,false],"2048x2048":["https:\/\/aporlasflores.omathi.eu\/wp-content\/uploads\/2023\/11\/Photoroom_20250412_141453.jpeg",749,749,false],"ashe-slider-full-thumbnail":["https:\/\/aporlasflores.omathi.eu\/wp-content\/uploads\/2023\/11\/Photoroom_20250412_141453-749x540.jpeg",749,540,true],"ashe-full-thumbnail":["https:\/\/aporlasflores.omathi.eu\/wp-content\/uploads\/2023\/11\/Photoroom_20250412_141453.jpeg",749,749,false],"ashe-list-thumbnail":["https:\/\/aporlasflores.omathi.eu\/wp-content\/uploads\/2023\/11\/Photoroom_20250412_141453-300x300.jpeg",300,300,true],"ashe-grid-thumbnail":["https:\/\/aporlasflores.omathi.eu\/wp-content\/uploads\/2023\/11\/Photoroom_20250412_141453-500x330.jpeg",500,330,true],"ashe-single-navigation":["https:\/\/aporlasflores.omathi.eu\/wp-content\/uploads\/2023\/11\/Photoroom_20250412_141453-75x75.jpeg",75,75,true],"mailpoet_newsletter_max":["https:\/\/aporlasflores.omathi.eu\/wp-content\/uploads\/2023\/11\/Photoroom_20250412_141453.jpeg",749,749,false],"woocommerce_thumbnail":["https:\/\/aporlasflores.omathi.eu\/wp-content\/uploads\/2023\/11\/Photoroom_20250412_141453-300x300.jpeg",300,300,true],"woocommerce_single":["https:\/\/aporlasflores.omathi.eu\/wp-content\/uploads\/2023\/11\/Photoroom_20250412_141453-600x600.jpeg",600,600,true],"woocommerce_gallery_thumbnail":["https:\/\/aporlasflores.omathi.eu\/wp-content\/uploads\/2023\/11\/Photoroom_20250412_141453-100x100.jpeg",100,100,true]},"uagb_author_info":{"display_name":"Salom\u00e9 Charlet","author_link":"https:\/\/aporlasflores.omathi.eu\/index.php\/author\/"},"uagb_comment_info":0,"uagb_excerpt":"Mot, nom ou pr\u00e9nom en fleurs s\u00e9ch\u00e9es. La majuscule mesure entre 20 et 22 cm de haut et le reste du texte d&rsquo;adapte pour rester harmonieux.","_links":{"self":[{"href":"https:\/\/aporlasflores.omathi.eu\/index.php\/wp-json\/wp\/v2\/product\/322","targetHints":{"allow":["GET"]}}],"collection":[{"href":"https:\/\/aporlasflores.omathi.eu\/index.php\/wp-json\/wp\/v2\/product"}],"about":[{"href":"https:\/\/aporlasflores.omathi.eu\/index.php\/wp-json\/wp\/v2\/types\/product"}],"version-history":[{"count":2,"href":"https:\/\/aporlasflores.omathi.eu\/index.php\/wp-json\/wp\/v2\/product\/322\/revisions"}],"predecessor-version":[{"id":409,"href":"https:\/\/aporlasflores.omathi.eu\/index.php\/wp-json\/wp\/v2\/product\/322\/revisions\/409"}],"wp:featuredmedia":[{"embeddable":true,"href":"https:\/\/aporlasflores.omathi.eu\/index.php\/wp-json\/wp\/v2\/media\/742"}],"wp:attachment":[{"href":"https:\/\/aporlasflores.omathi.eu\/index.php\/wp-json\/wp\/v2\/media?parent=322"}],"wp:term":[{"taxonomy":"product_brand","embeddable":true,"href":"https:\/\/aporlasflores.omathi.eu\/index.php\/wp-json\/wp\/v2\/product_brand?post=322"},{"taxonomy":"product_cat","embeddable":true,"href":"https:\/\/aporlasflores.omathi.eu\/index.php\/wp-json\/wp\/v2\/product_cat?post=322"},{"taxonomy":"product_tag","embeddable":true,"href":"https:\/\/aporlasflores.omathi.eu\/index.php\/wp-json\/wp\/v2\/product_tag?post=322"}],"curies":[{"name":"wp","href":"https:\/\/api.w.org\/{rel}","templated":true}]}}